{"id":499,"date":"2025-03-26T17:04:20","date_gmt":"2025-03-26T17:04:20","guid":{"rendered":"https:\/\/www.laresidenceduparc.fr\/location-salle-reunion-val-d-europe-77\/"},"modified":"2025-05-28T12:42:28","modified_gmt":"2025-05-28T12:42:28","slug":"vermietung-von-tagungsraeumen-in-val-deurope-77","status":"publish","type":"page","link":"https:\/\/www.laresidenceduparc.fr\/de\/vermietung-von-tagungsraeumen-in-val-deurope-77\/","title":{"rendered":"Vermietung von Tagungsr\u00e4umen in Val d\u2019Europe (77)"},"content":{"rendered":"<p>Sie sind Eventmanager\/in oder Assistent\/in der Gesch\u00e4ftsleitung und auf der <strong>Suche nach einem Tagungsraum<\/strong> in der N\u00e4he von <strong>Val d\u2019Europe<\/strong>? In der R\u00e9sidence du Parc bieten wir Ihnen moderne und flexibel gestaltbare Tagungsr\u00e4ume f\u00fcr <strong>Ihre Meetings, Seminare oder Schulungen. <\/strong>Nur 10 Minuten von Disneyland Paris und in der N\u00e4he des Gesch\u00e4ftszentrums Val d\u2019Europe gelegen, ist <strong>unser Tagungsraum der ideale<\/strong> Ort f\u00fcr Ihre gesch\u00e4ftlichen Veranstaltungen.<\/p>\n<h3>Ein Tagungsraum f\u00fcr bis zu 40 Personen<\/h3>\n<p><strong>Der Salon C\u00e9zanne ist ein 46 m\u00b2<\/strong> gro\u00dfer Tagungsraum, der <strong>20 bis 40 Personen<\/strong> aufnehmen kann. Der Raum ist perfekt f\u00fcr Ihre kleinen Veranstaltungen geeignet.<\/p>\n<ul>\n<li>Er wurde so konzipiert, dass er sich an Ihre Bed\u00fcrfnisse anpasst: in <strong>U-Form<\/strong>, als <strong>Theaterbestuhlung<\/strong> oder f\u00fcr einen <strong>Stehempfang<\/strong>, je nachdem, welche Art von Veranstaltung Sie organisieren.<\/li>\n<li>Dank der modernen Ausstattung erm\u00f6glicht der <strong>Salon C\u00e9zanne<\/strong> ein Arbeiten in einem optimalen Umfeld.<\/li>\n<li>Eine <strong>privatisierte Terrasse<\/strong> erg\u00e4nzt den Tagungsraum und bietet einen angenehmen Au\u00dfenbereich f\u00fcr Pausen und Entspannung.<\/li>\n<\/ul>\n<p>Die <strong>nat\u00fcrliche Beleuchtung<\/strong> im <strong>Salon C\u00e9zanne<\/strong> schafft eine ideale Atmosph\u00e4re f\u00fcr <strong>Konzentration und Produktivit\u00e4t<\/strong>. Ob f\u00fcr ein <strong>Seminar in Val d\u2019Europe<\/strong>, dieser Raum bietet eine helle, flexible und angenehme Umgebung, um Ihre Teams zu versammeln.<\/p>\n<p data-start=\"573\" data-end=\"838\"><img loading=\"lazy\" decoding=\"async\" class=\"alignnone wp-image-459\" src=\"https:\/\/www.laresidenceduparc.fr\/wp-content\/uploads\/sites\/144\/2025\/03\/Salle-reunion-A-1-300x200.jpg\" alt=\"Salle de r\u00e9union\" width=\"341\" height=\"227\" srcset=\"https:\/\/www.laresidenceduparc.fr\/wp-content\/uploads\/sites\/144\/2025\/03\/Salle-reunion-A-1-300x200.jpg 300w, https:\/\/www.laresidenceduparc.fr\/wp-content\/uploads\/sites\/144\/2025\/03\/Salle-reunion-A-1-1024x683.jpg 1024w, https:\/\/www.laresidenceduparc.fr\/wp-content\/uploads\/sites\/144\/2025\/03\/Salle-reunion-A-1-768x512.jpg 768w, https:\/\/www.laresidenceduparc.fr\/wp-content\/uploads\/sites\/144\/2025\/03\/Salle-reunion-A-1-1536x1024.jpg 1536w, https:\/\/www.laresidenceduparc.fr\/wp-content\/uploads\/sites\/144\/2025\/03\/Salle-reunion-A-1-2048x1366.jpg 2048w, https:\/\/www.laresidenceduparc.fr\/wp-content\/uploads\/sites\/144\/2025\/03\/Salle-reunion-A-1-200x133.jpg 200w, https:\/\/www.laresidenceduparc.fr\/wp-content\/uploads\/sites\/144\/2025\/03\/Salle-reunion-A-1-600x400.jpg 600w, https:\/\/www.laresidenceduparc.fr\/wp-content\/uploads\/sites\/144\/2025\/03\/Salle-reunion-A-1-1000x667.jpg 1000w\" sizes=\"(max-width: 341px) 100vw, 341px\" \/>\u00a0 \u00a0 <img loading=\"lazy\" decoding=\"async\" class=\"alignnone wp-image-458\" src=\"https:\/\/www.laresidenceduparc.fr\/wp-content\/uploads\/sites\/144\/2025\/03\/Salle-reunion-A-2-300x200.jpg\" alt=\"Salle de r\u00e9union\" width=\"341\" height=\"227\" srcset=\"https:\/\/www.laresidenceduparc.fr\/wp-content\/uploads\/sites\/144\/2025\/03\/Salle-reunion-A-2-300x200.jpg 300w, https:\/\/www.laresidenceduparc.fr\/wp-content\/uploads\/sites\/144\/2025\/03\/Salle-reunion-A-2-1024x683.jpg 1024w, https:\/\/www.laresidenceduparc.fr\/wp-content\/uploads\/sites\/144\/2025\/03\/Salle-reunion-A-2-768x512.jpg 768w, https:\/\/www.laresidenceduparc.fr\/wp-content\/uploads\/sites\/144\/2025\/03\/Salle-reunion-A-2-1536x1024.jpg 1536w, https:\/\/www.laresidenceduparc.fr\/wp-content\/uploads\/sites\/144\/2025\/03\/Salle-reunion-A-2-2048x1366.jpg 2048w, https:\/\/www.laresidenceduparc.fr\/wp-content\/uploads\/sites\/144\/2025\/03\/Salle-reunion-A-2-200x133.jpg 200w, https:\/\/www.laresidenceduparc.fr\/wp-content\/uploads\/sites\/144\/2025\/03\/Salle-reunion-A-2-600x400.jpg 600w, https:\/\/www.laresidenceduparc.fr\/wp-content\/uploads\/sites\/144\/2025\/03\/Salle-reunion-A-2-1000x667.jpg 1000w\" sizes=\"(max-width: 341px) 100vw, 341px\" \/><\/p>\n<p>\ud83d\udc49 <strong>Entdecken Sie auch unseren Salon Matisse<\/strong>, der bis zu <strong>70 Personen<\/strong> aufnehmen kann.<\/p>\n<h3>Ma\u00dfgeschneiderte Verpflegung f\u00fcr Ihren Tagungsraum<\/h3>\n<p>Unsere <strong>Verpflegungsservices<\/strong> passen sich Ihren Bed\u00fcrfnissen und denen Ihrer G\u00e4ste an. Wir bieten Ihnen verschiedene Optionen, wie:<\/p>\n<p>\u2022 <strong>Fr\u00fchst\u00fcck<\/strong><br \/>\n\u2022 <strong>Mittagessen<\/strong> nach Ihren Vorlieben<br \/>\n\u2022 <strong>Kaffeepause<\/strong> f\u00fcr Ihre Entspannungsmomente<\/p>\n<p>Au\u00dferdem bieten wir Ihnen einen <strong>privatisierten Essbereich<\/strong>, damit Sie Ihre Mahlzeiten in einer angenehmen Umgebung genie\u00dfen k\u00f6nnen.<\/p>\n<p><img loading=\"lazy\" decoding=\"async\" class=\"alignnone wp-image-443 \" src=\"https:\/\/www.laresidenceduparc.fr\/wp-content\/uploads\/sites\/144\/2025\/03\/Buffet-Petit-Dej-9-300x200.jpg\" alt=\"d\u00e9jeuner pour location s\u00e9minaire \" width=\"341\" height=\"227\" srcset=\"https:\/\/www.laresidenceduparc.fr\/wp-content\/uploads\/sites\/144\/2025\/03\/Buffet-Petit-Dej-9-300x200.jpg 300w, https:\/\/www.laresidenceduparc.fr\/wp-content\/uploads\/sites\/144\/2025\/03\/Buffet-Petit-Dej-9-1024x683.jpg 1024w, https:\/\/www.laresidenceduparc.fr\/wp-content\/uploads\/sites\/144\/2025\/03\/Buffet-Petit-Dej-9-768x512.jpg 768w, https:\/\/www.laresidenceduparc.fr\/wp-content\/uploads\/sites\/144\/2025\/03\/Buffet-Petit-Dej-9-1536x1024.jpg 1536w, https:\/\/www.laresidenceduparc.fr\/wp-content\/uploads\/sites\/144\/2025\/03\/Buffet-Petit-Dej-9-2048x1366.jpg 2048w, https:\/\/www.laresidenceduparc.fr\/wp-content\/uploads\/sites\/144\/2025\/03\/Buffet-Petit-Dej-9-200x133.jpg 200w, https:\/\/www.laresidenceduparc.fr\/wp-content\/uploads\/sites\/144\/2025\/03\/Buffet-Petit-Dej-9-600x400.jpg 600w, https:\/\/www.laresidenceduparc.fr\/wp-content\/uploads\/sites\/144\/2025\/03\/Buffet-Petit-Dej-9-1000x667.jpg 1000w\" sizes=\"(max-width: 341px) 100vw, 341px\" \/>\u00a0 \u00a0 <img loading=\"lazy\" decoding=\"async\" class=\"alignnone wp-image-449\" src=\"https:\/\/www.laresidenceduparc.fr\/wp-content\/uploads\/sites\/144\/2025\/03\/Cafeteria-2eme-1-300x200.jpg\" alt=\"\" width=\"341\" height=\"227\" srcset=\"https:\/\/www.laresidenceduparc.fr\/wp-content\/uploads\/sites\/144\/2025\/03\/Cafeteria-2eme-1-300x200.jpg 300w, https:\/\/www.laresidenceduparc.fr\/wp-content\/uploads\/sites\/144\/2025\/03\/Cafeteria-2eme-1-1024x683.jpg 1024w, https:\/\/www.laresidenceduparc.fr\/wp-content\/uploads\/sites\/144\/2025\/03\/Cafeteria-2eme-1-768x512.jpg 768w, https:\/\/www.laresidenceduparc.fr\/wp-content\/uploads\/sites\/144\/2025\/03\/Cafeteria-2eme-1-1536x1024.jpg 1536w, https:\/\/www.laresidenceduparc.fr\/wp-content\/uploads\/sites\/144\/2025\/03\/Cafeteria-2eme-1-2048x1366.jpg 2048w, https:\/\/www.laresidenceduparc.fr\/wp-content\/uploads\/sites\/144\/2025\/03\/Cafeteria-2eme-1-200x133.jpg 200w, https:\/\/www.laresidenceduparc.fr\/wp-content\/uploads\/sites\/144\/2025\/03\/Cafeteria-2eme-1-600x400.jpg 600w, https:\/\/www.laresidenceduparc.fr\/wp-content\/uploads\/sites\/144\/2025\/03\/Cafeteria-2eme-1-1000x667.jpg 1000w\" sizes=\"(max-width: 341px) 100vw, 341px\" \/><\/p>\n<p>\ud83d\udc49<strong> Entdecken Sie unser Angebot<\/strong><\/p>\n<h3>Ein Team, das Ihnen zur Verf\u00fcgung steht<\/h3>\n<p>Reaktionsschnell und professionell, unser Team steht Ihnen vor und w\u00e4hrend Ihrer Veranstaltung zur Verf\u00fcgung! Wir sorgen daf\u00fcr, dass Ihre Veranstaltung perfekt organisiert ist.<\/p>\n<p>Wir bieten Ihnen einen <strong>ma\u00dfgeschneiderten Service<\/strong>, um Sie zu begleiten und Ihnen eine erfolgreiche Erfahrung zu garantieren.<\/p>\n<h2 style=\"text-align: center;\">Buchen Sie den Salon C\u00e9zanne in der N\u00e4he von Val d\u2019Europe (77)<\/h2>\n<p style=\"text-align: center;\">\n                <div class='gf_browser_gecko gform_wrapper' id='gform_wrapper_8' ><form method='post' enctype='multipart\/form-data'  id='gform_8'  action='\/de\/wp-json\/wp\/v2\/pages\/499'>\n                        <div class='gform_heading'>\n                            <span class='gform_description'><\/span>\n                        <\/div>\n                        <div class='gform_body'><ul id='gform_fields_8' class='gform_fields top_label form_sublabel_below description_below'><li id='field_8_1'  class='gfield gfield_contains_required field_sublabel_below field_description_below gfield_visibility_visible' ><label class='gfield_label' for='input_8_1' >Vorname &amp; Nachname<span class='gfield_required'>*<\/span><\/label><div class='ginput_container ginput_container_text'><input name='input_1' id='input_8_1' type='text' value='' class='medium'     aria-required=\"true\" aria-invalid=\"false\" \/><\/div><\/li><li id='field_8_2'  class='gfield gfield_contains_required field_sublabel_below field_description_below gfield_visibility_visible' ><label class='gfield_label' for='input_8_2' >E-Mail<span class='gfield_required'>*<\/span><\/label><div class='ginput_container ginput_container_text'><input name='input_2' id='input_8_2' type='text' value='' class='medium'     aria-required=\"true\" aria-invalid=\"false\" \/><\/div><\/li><li id='field_8_3'  class='gfield field_sublabel_below field_description_below gfield_visibility_visible' ><label class='gfield_label' for='input_8_3' >Firma<\/label><div class='ginput_container ginput_container_text'><input name='input_3' id='input_8_3' type='text' value='' class='medium'      aria-invalid=\"false\" \/><\/div><\/li><li id='field_8_4'  class='gfield gfield_contains_required field_sublabel_below field_description_below gfield_visibility_visible' ><label class='gfield_label' for='input_8_4' >Telefon<span class='gfield_required'>*<\/span><\/label><div class='ginput_container ginput_container_text'><input name='input_4' id='input_8_4' type='text' value='' class='medium'     aria-required=\"true\" aria-invalid=\"false\" \/><\/div><\/li><li id='field_8_5'  class='gfield gfield_contains_required field_sublabel_below field_description_below gfield_visibility_visible' ><label class='gfield_label' for='input_8_5' >Postleitzahl<span class='gfield_required'>*<\/span><\/label><div class='ginput_container ginput_container_text'><input name='input_5' id='input_8_5' type='text' value='' class='medium'     aria-required=\"true\" aria-invalid=\"false\" \/><\/div><\/li><li id='field_8_6'  class='gfield field_sublabel_below field_description_below gfield_visibility_visible' ><label class='gfield_label' for='input_8_6' >Nachricht<\/label><div class='ginput_container ginput_container_textarea'><textarea name='input_6' id='input_8_6' class='textarea medium'      aria-invalid=\"false\"   rows='10' cols='50'><\/textarea><\/div><\/li><li id='field_8_7'  class='gfield gfield_contains_required field_sublabel_below field_description_below gfield_visibility_visible' ><label class='gfield_label' for='input_8_7' >Ein ganzer Tag \/ Ein halber Tag<span class='gfield_required'>*<\/span><\/label><div class='ginput_container ginput_container_text'><input name='input_7' id='input_8_7' type='text' value='' class='medium'     aria-required=\"true\" aria-invalid=\"false\" \/><\/div><\/li><li id='field_8_8'  class='gfield gfield_contains_required field_sublabel_below field_description_below gfield_visibility_visible' ><label class='gfield_label' for='input_8_8' >Erfrischung \/ Mittagessen \/ Unterkunft<span class='gfield_required'>*<\/span><\/label><div class='ginput_container ginput_container_text'><input name='input_8' id='input_8_8' type='text' value='' class='medium'     aria-required=\"true\" aria-invalid=\"false\" \/><\/div><\/li><li id='field_8_9'  class='gfield gfield_contains_required field_sublabel_below field_description_below gfield_visibility_visible' ><label class='gfield_label' for='input_8_9' >Anzahl der Teilnehmer<span class='gfield_required'>*<\/span><\/label><div class='ginput_container ginput_container_text'><input name='input_9' id='input_8_9' type='text' value='' class='medium'     aria-required=\"true\" aria-invalid=\"false\" \/><\/div><\/li><li id='field_8_10'  class='gfield gfield_contains_required field_sublabel_below field_description_below gfield_visibility_visible' ><label class='gfield_label' for='input_8_10' >Datum<span class='gfield_required'>*<\/span><\/label><div class='ginput_container ginput_container_date'>\n                            <input name='input_10' id='input_8_10' type='text' value='' class='datepicker medium mdy datepicker_no_icon'    aria-describedby='input_8_10_date_format' \/>\n                            <span id='input_8_10_date_format' class='screen-reader-text'>Date Format: MM Schr\u00e4gstrich TT Schr\u00e4gstrich JJJJ<\/span>\n                        <\/div>\n                        <input type='hidden' id='gforms_calendar_icon_input_8_10' class='gform_hidden' value='https:\/\/www.laresidenceduparc.fr\/wp-content\/plugins\/gravityforms\/images\/calendar.png'\/><\/li><li id='field_8_11'  class='gfield gfield_contains_required field_sublabel_below field_description_below gfield_visibility_visible' ><label class='gfield_label' for='input_8_11' >Budget<span class='gfield_required'>*<\/span><\/label><div class='ginput_container ginput_container_text'><input name='input_11' id='input_8_11' type='text' value='' class='medium'     aria-required=\"true\" aria-invalid=\"false\" \/><\/div><\/li><li id='field_8_12'  class='gfield gfield_contains_required field_sublabel_below field_description_below gfield_visibility_visible' ><label class='gfield_label'  >Pers\u00f6nliche Daten<span class='gfield_required'>*<\/span><\/label><div class='ginput_container ginput_container_consent'><input name='input_12.1' id='input_8_12_1' type='checkbox' value='1'   aria-required=\"true\" aria-invalid=\"false\"   \/> <label class=\"gfield_consent_label\" for='input_8_12_1' >Ich akzeptiere die Verarbeitung meiner pers\u00f6nlichen Daten wie in den rechtlichen Hinweisen angegeben<\/label><input type='hidden' name='input_12.2' value='Ich akzeptiere die Verarbeitung meiner pers\u00f6nlichen Daten wie in den rechtlichen Hinweisen angegeben' class='gform_hidden' \/><input type='hidden' name='input_12.3' value='8' class='gform_hidden' \/><\/div><\/li><li id='field_8_13'  class='gfield field_sublabel_below field_description_below gfield_visibility_visible' ><label class='gfield_label' for='input_8_13' >CAPTCHA<\/label><div id='input_8_13' class='ginput_container ginput_recaptcha' data-sitekey='6Lc-5-UpAAAAACCmwO_35HVPCcX3LSL5XTNk1ioU'  data-theme='light' data-tabindex='-1' data-size='invisible' data-badge='bottomright'><\/div><\/li><li id='field_8_14'  class='gfield gform_validation_container field_sublabel_below field_description_below gfield_visibility_visible' ><label class='gfield_label' for='input_8_14' >Comments<\/label><div class='ginput_container'><input name='input_14' id='input_8_14' type='text' value='' \/><\/div><div class='gfield_description' id='gfield_description_8_14'>Dieses Feld dient zur Validierung und sollte nicht ver\u00e4ndert werden.<\/div><\/li>\n                            <\/ul><\/div>\n        <div class='gform_footer top_label'> <input type='submit' id='gform_submit_button_8' class='gform_button button' value='Einreichen'  onclick='if(window[\"gf_submitting_8\"]){return false;}  window[\"gf_submitting_8\"]=true;  ' onkeypress='if( event.keyCode == 13 ){ if(window[\"gf_submitting_8\"]){return false;} window[\"gf_submitting_8\"]=true;  jQuery(\"#gform_8\").trigger(\"submit\",[true]); }' \/> \n            <input type='hidden' class='gform_hidden' name='is_submit_8' value='1' \/>\n            <input type='hidden' class='gform_hidden' name='gform_submit' value='8' \/>\n            \n            <input type='hidden' class='gform_hidden' name='gform_unique_id' value='' \/>\n            <input type='hidden' class='gform_hidden' name='state_8' value='WyJ7XCIxMi4xXCI6XCI4MzJhYzNkNzdjYjEzMGI5NWZkOWFhYjZiNDU5NmYxMVwiLFwiMTIuMlwiOlwiOWJkYmI0ZGY4OTMxMDE0ZTE4NmJmZGQ2NzYyYzQ1MzdcIixcIjEyLjNcIjpcIjlkNDJjZGJhN2IyZjE4MWVkZGE4NTYyZGJmMjg0ZjAwXCJ9IiwiNGFmOGFjNTJjYWU1ODc2YjgyNTViY2Y4ZTk1ZjJjM2MiXQ==' \/>\n            <input type='hidden' class='gform_hidden' name='gform_target_page_number_8' id='gform_target_page_number_8' value='0' \/>\n            <input type='hidden' class='gform_hidden' name='gform_source_page_number_8' id='gform_source_page_number_8' value='1' \/>\n            <input type='hidden' name='gform_field_values' value='' \/>\n            \n        <\/div>\n                        <\/form>\n                        <\/div><script type='text\/javascript'> jQuery(document).bind('gform_post_render', function(event, formId, currentPage){if(formId == 8) {} } );jQuery(document).bind('gform_post_conditional_logic', function(event, formId, fields, isInit){} );<\/script><script type='text\/javascript'> jQuery(document).ready(function(){jQuery(document).trigger('gform_post_render', [8, 1]) } ); <\/script><\/p>\n","protected":false},"excerpt":{"rendered":"<p>Sie sind Eventmanager\/in oder Assistent\/in der Gesch\u00e4ftsleitung und auf der Suche nach einem Tagungsraum in der N\u00e4he von Val d\u2019Europe? In der R\u00e9sidence du Parc bieten wir Ihnen moderne und flexibel gestaltbare Tagungsr\u00e4ume f\u00fcr Ihre Meetings, Seminare oder Schulungen. Nur 10 Minuten von Disneyland Paris und in der N\u00e4he des Gesch\u00e4ftszentrums Val d\u2019Europe gelegen, ist [&hellip;]<\/p>\n","protected":false},"author":179,"featured_media":0,"parent":0,"menu_order":0,"comment_status":"closed","ping_status":"closed","template":"","meta":{"footnotes":""},"yoast_head":"<!-- This site is optimized with the Yoast SEO plugin v22.3 - https:\/\/yoast.com\/wordpress\/plugins\/seo\/ -->\n<title>Salle de r\u00e9union Val d&#039;Europe<\/title>\n<meta name=\"description\" content=\"Louez votre salle de r\u00e9union \u00e0 Val d&#039;Europe. Une \u00e9quipe r\u00e9active et un service sur mesure pour garantir le succ\u00e8s de vos \u00e9v\u00e9nements.\" \/>\n<meta name=\"robots\" content=\"index, follow, max-snippet:-1, max-image-preview:large, max-video-preview:-1\" \/>\n<link rel=\"canonical\" href=\"https:\/\/www.laresidenceduparc.fr\/de\/vermietung-von-tagungsraeumen-in-val-deurope-77\/\" \/>\n<meta property=\"og:locale\" content=\"de_DE\" \/>\n<meta property=\"og:type\" content=\"article\" \/>\n<meta property=\"og:title\" content=\"Salle de r\u00e9union Val d&#039;Europe\" \/>\n<meta property=\"og:description\" content=\"Louez votre salle de r\u00e9union \u00e0 Val d&#039;Europe. Une \u00e9quipe r\u00e9active et un service sur mesure pour garantir le succ\u00e8s de vos \u00e9v\u00e9nements.\" \/>\n<meta property=\"og:url\" content=\"https:\/\/www.laresidenceduparc.fr\/de\/vermietung-von-tagungsraeumen-in-val-deurope-77\/\" \/>\n<meta property=\"og:site_name\" content=\"R\u00e9sidence du Parc\" \/>\n<meta property=\"article:modified_time\" content=\"2025-05-28T12:42:28+00:00\" \/>\n<meta property=\"og:image\" content=\"https:\/\/www.laresidenceduparc.fr\/wp-content\/uploads\/sites\/144\/2025\/03\/Salle-reunion-A-1-300x200.jpg\" \/>\n<meta name=\"twitter:card\" content=\"summary_large_image\" \/>\n<meta name=\"twitter:label1\" content=\"Gesch\u00e4tzte Lesezeit\" \/>\n\t<meta name=\"twitter:data1\" content=\"3 Minuten\" \/>\n<script type=\"application\/ld+json\" class=\"yoast-schema-graph\">{\"@context\":\"https:\/\/schema.org\",\"@graph\":[{\"@type\":\"WebPage\",\"@id\":\"https:\/\/www.laresidenceduparc.fr\/de\/vermietung-von-tagungsraeumen-in-val-deurope-77\/\",\"url\":\"https:\/\/www.laresidenceduparc.fr\/de\/vermietung-von-tagungsraeumen-in-val-deurope-77\/\",\"name\":\"Salle de r\u00e9union Val d'Europe\",\"isPartOf\":{\"@id\":\"https:\/\/www.laresidenceduparc.fr\/de\/#website\"},\"primaryImageOfPage\":{\"@id\":\"https:\/\/www.laresidenceduparc.fr\/de\/vermietung-von-tagungsraeumen-in-val-deurope-77\/#primaryimage\"},\"image\":{\"@id\":\"https:\/\/www.laresidenceduparc.fr\/de\/vermietung-von-tagungsraeumen-in-val-deurope-77\/#primaryimage\"},\"thumbnailUrl\":\"https:\/\/www.laresidenceduparc.fr\/wp-content\/uploads\/sites\/144\/2025\/03\/Salle-reunion-A-1-300x200.jpg\",\"datePublished\":\"2025-03-26T17:04:20+00:00\",\"dateModified\":\"2025-05-28T12:42:28+00:00\",\"description\":\"Louez votre salle de r\u00e9union \u00e0 Val d'Europe. Une \u00e9quipe r\u00e9active et un service sur mesure pour garantir le succ\u00e8s de vos \u00e9v\u00e9nements.\",\"breadcrumb\":{\"@id\":\"https:\/\/www.laresidenceduparc.fr\/de\/vermietung-von-tagungsraeumen-in-val-deurope-77\/#breadcrumb\"},\"inLanguage\":\"de-DE\",\"potentialAction\":[{\"@type\":\"ReadAction\",\"target\":[\"https:\/\/www.laresidenceduparc.fr\/de\/vermietung-von-tagungsraeumen-in-val-deurope-77\/\"]}]},{\"@type\":\"ImageObject\",\"inLanguage\":\"de-DE\",\"@id\":\"https:\/\/www.laresidenceduparc.fr\/de\/vermietung-von-tagungsraeumen-in-val-deurope-77\/#primaryimage\",\"url\":\"https:\/\/www.laresidenceduparc.fr\/wp-content\/uploads\/sites\/144\/2025\/03\/Salle-reunion-A-1.jpg\",\"contentUrl\":\"https:\/\/www.laresidenceduparc.fr\/wp-content\/uploads\/sites\/144\/2025\/03\/Salle-reunion-A-1.jpg\",\"width\":2200,\"height\":1467},{\"@type\":\"BreadcrumbList\",\"@id\":\"https:\/\/www.laresidenceduparc.fr\/de\/vermietung-von-tagungsraeumen-in-val-deurope-77\/#breadcrumb\",\"itemListElement\":[{\"@type\":\"ListItem\",\"position\":1,\"name\":\"Home\",\"item\":\"https:\/\/www.laresidenceduparc.fr\/de\/\"},{\"@type\":\"ListItem\",\"position\":2,\"name\":\"Vermietung von Tagungsr\u00e4umen in Val d\u2019Europe (77)\"}]},{\"@type\":\"WebSite\",\"@id\":\"https:\/\/www.laresidenceduparc.fr\/de\/#website\",\"url\":\"https:\/\/www.laresidenceduparc.fr\/de\/\",\"name\":\"R\u00e9sidence du Parc\",\"description\":\"\",\"potentialAction\":[{\"@type\":\"SearchAction\",\"target\":{\"@type\":\"EntryPoint\",\"urlTemplate\":\"https:\/\/www.laresidenceduparc.fr\/de\/?s={search_term_string}\"},\"query-input\":\"required name=search_term_string\"}],\"inLanguage\":\"de-DE\"}]}<\/script>\n<!-- \/ Yoast SEO plugin. -->","yoast_head_json":{"title":"Salle de r\u00e9union Val d'Europe","description":"Louez votre salle de r\u00e9union \u00e0 Val d'Europe. Une \u00e9quipe r\u00e9active et un service sur mesure pour garantir le succ\u00e8s de vos \u00e9v\u00e9nements.","robots":{"index":"index","follow":"follow","max-snippet":"max-snippet:-1","max-image-preview":"max-image-preview:large","max-video-preview":"max-video-preview:-1"},"canonical":"https:\/\/www.laresidenceduparc.fr\/de\/vermietung-von-tagungsraeumen-in-val-deurope-77\/","og_locale":"de_DE","og_type":"article","og_title":"Salle de r\u00e9union Val d'Europe","og_description":"Louez votre salle de r\u00e9union \u00e0 Val d'Europe. Une \u00e9quipe r\u00e9active et un service sur mesure pour garantir le succ\u00e8s de vos \u00e9v\u00e9nements.","og_url":"https:\/\/www.laresidenceduparc.fr\/de\/vermietung-von-tagungsraeumen-in-val-deurope-77\/","og_site_name":"R\u00e9sidence du Parc","article_modified_time":"2025-05-28T12:42:28+00:00","og_image":[{"url":"https:\/\/www.laresidenceduparc.fr\/wp-content\/uploads\/sites\/144\/2025\/03\/Salle-reunion-A-1-300x200.jpg"}],"twitter_card":"summary_large_image","twitter_misc":{"Gesch\u00e4tzte Lesezeit":"3 Minuten"},"schema":{"@context":"https:\/\/schema.org","@graph":[{"@type":"WebPage","@id":"https:\/\/www.laresidenceduparc.fr\/de\/vermietung-von-tagungsraeumen-in-val-deurope-77\/","url":"https:\/\/www.laresidenceduparc.fr\/de\/vermietung-von-tagungsraeumen-in-val-deurope-77\/","name":"Salle de r\u00e9union Val d'Europe","isPartOf":{"@id":"https:\/\/www.laresidenceduparc.fr\/de\/#website"},"primaryImageOfPage":{"@id":"https:\/\/www.laresidenceduparc.fr\/de\/vermietung-von-tagungsraeumen-in-val-deurope-77\/#primaryimage"},"image":{"@id":"https:\/\/www.laresidenceduparc.fr\/de\/vermietung-von-tagungsraeumen-in-val-deurope-77\/#primaryimage"},"thumbnailUrl":"https:\/\/www.laresidenceduparc.fr\/wp-content\/uploads\/sites\/144\/2025\/03\/Salle-reunion-A-1-300x200.jpg","datePublished":"2025-03-26T17:04:20+00:00","dateModified":"2025-05-28T12:42:28+00:00","description":"Louez votre salle de r\u00e9union \u00e0 Val d'Europe. Une \u00e9quipe r\u00e9active et un service sur mesure pour garantir le succ\u00e8s de vos \u00e9v\u00e9nements.","breadcrumb":{"@id":"https:\/\/www.laresidenceduparc.fr\/de\/vermietung-von-tagungsraeumen-in-val-deurope-77\/#breadcrumb"},"inLanguage":"de-DE","potentialAction":[{"@type":"ReadAction","target":["https:\/\/www.laresidenceduparc.fr\/de\/vermietung-von-tagungsraeumen-in-val-deurope-77\/"]}]},{"@type":"ImageObject","inLanguage":"de-DE","@id":"https:\/\/www.laresidenceduparc.fr\/de\/vermietung-von-tagungsraeumen-in-val-deurope-77\/#primaryimage","url":"https:\/\/www.laresidenceduparc.fr\/wp-content\/uploads\/sites\/144\/2025\/03\/Salle-reunion-A-1.jpg","contentUrl":"https:\/\/www.laresidenceduparc.fr\/wp-content\/uploads\/sites\/144\/2025\/03\/Salle-reunion-A-1.jpg","width":2200,"height":1467},{"@type":"BreadcrumbList","@id":"https:\/\/www.laresidenceduparc.fr\/de\/vermietung-von-tagungsraeumen-in-val-deurope-77\/#breadcrumb","itemListElement":[{"@type":"ListItem","position":1,"name":"Home","item":"https:\/\/www.laresidenceduparc.fr\/de\/"},{"@type":"ListItem","position":2,"name":"Vermietung von Tagungsr\u00e4umen in Val d\u2019Europe (77)"}]},{"@type":"WebSite","@id":"https:\/\/www.laresidenceduparc.fr\/de\/#website","url":"https:\/\/www.laresidenceduparc.fr\/de\/","name":"R\u00e9sidence du Parc","description":"","potentialAction":[{"@type":"SearchAction","target":{"@type":"EntryPoint","urlTemplate":"https:\/\/www.laresidenceduparc.fr\/de\/?s={search_term_string}"},"query-input":"required name=search_term_string"}],"inLanguage":"de-DE"}]}},"acf":[],"_links":{"self":[{"href":"https:\/\/www.laresidenceduparc.fr\/de\/wp-json\/wp\/v2\/pages\/499"}],"collection":[{"href":"https:\/\/www.laresidenceduparc.fr\/de\/wp-json\/wp\/v2\/pages"}],"about":[{"href":"https:\/\/www.laresidenceduparc.fr\/de\/wp-json\/wp\/v2\/types\/page"}],"author":[{"embeddable":true,"href":"https:\/\/www.laresidenceduparc.fr\/de\/wp-json\/wp\/v2\/users\/179"}],"replies":[{"embeddable":true,"href":"https:\/\/www.laresidenceduparc.fr\/de\/wp-json\/wp\/v2\/comments?post=499"}],"version-history":[{"count":0,"href":"https:\/\/www.laresidenceduparc.fr\/de\/wp-json\/wp\/v2\/pages\/499\/revisions"}],"wp:attachment":[{"href":"https:\/\/www.laresidenceduparc.fr\/de\/wp-json\/wp\/v2\/media?parent=499"}],"curies":[{"name":"wp","href":"https:\/\/api.w.org\/{rel}","templated":true}]}}