{"id":509,"date":"2024-05-22T10:01:38","date_gmt":"2024-05-22T10:01:38","guid":{"rendered":"https:\/\/www.laresidenceduparc.fr\/residence-du-parc\/location-salles-reunion-val-europe\/"},"modified":"2025-05-28T13:40:26","modified_gmt":"2025-05-28T13:40:26","slug":"tagungen-seminare","status":"publish","type":"page","link":"https:\/\/www.laresidenceduparc.fr\/de\/residence-du-parc\/tagungen-seminare\/","title":{"rendered":"Tagungen &amp; Seminare"},"content":{"rendered":"<p style=\"text-align: left;\">Organisieren Sie Ihre Meetings, Schulungen oder Konferenzen in unserem 3-Sterne-Aparthotel, ideal gelegen in der N\u00e4he von Disneyland\u00ae Paris und Val d\u2019Europe. Profitieren Sie von unseren modernen, voll ausgestatteten Seminarr\u00e4umen f\u00fcr erfolgreiche gesch\u00e4ftliche Veranstaltungen.<\/p>\n<p style=\"text-align: left;\">Die R\u00e9sidence du Parc Val d\u2019Europe bietet Ihnen die Raumvermietung bereits ab 150\u202f\u20ac an \u2013 mit optionalem Catering oder in Kombination mit Ihrer Unterkunft. F\u00fcr ein rundum gelungenes und praktisches Erlebnis bei Ihrem Firmenseminar in Disneyland\u00ae Paris.<\/p>\n<p style=\"text-align: left;\">Entdecken Sie unsere beiden Seminarr\u00e4ume: den <a href=\"https:\/\/www.laresidenceduparc.fr\/de\/location-salle-de-formation-val-deurope-77\/\">Salon Matisse<\/a> und den <a href=\"https:\/\/www.laresidenceduparc.fr\/de\/vermietung-von-tagungsraeumen-in-val-deurope-77\/\">Salon C\u00e9zanne<\/a>.<\/p>\n","protected":false},"excerpt":{"rendered":"<p>Organisieren Sie Ihre Meetings, Schulungen oder Konferenzen in unserem 3-Sterne-Aparthotel, ideal gelegen in der N\u00e4he von Disneyland\u00ae Paris und Val d\u2019Europe. Profitieren Sie von unseren modernen, voll ausgestatteten Seminarr\u00e4umen f\u00fcr erfolgreiche gesch\u00e4ftliche Veranstaltungen. Die R\u00e9sidence du Parc Val d\u2019Europe bietet Ihnen die Raumvermietung bereits ab 150\u202f\u20ac an \u2013 mit optionalem Catering oder in Kombination mit [&hellip;]<\/p>\n","protected":false},"author":27,"featured_media":0,"parent":506,"menu_order":0,"comment_status":"closed","ping_status":"closed","template":"template-meeting.php","meta":{"footnotes":""},"yoast_head":"<!-- This site is optimized with the Yoast SEO plugin v22.3 - https:\/\/yoast.com\/wordpress\/plugins\/seo\/ -->\n<title>Salles de S\u00e9minaire \u00e0 Val d&#039;Europe - R\u00e9sidence du Parc<\/title>\n<meta name=\"description\" content=\"S\u00e9minaires et r\u00e9unions pros \u00e0 Val d\u2019Europe : salles modernes, h\u00e9bergement sur place, proche Disneyland. R\u00e9servez d\u00e8s maintenant !\" \/>\n<meta name=\"robots\" content=\"index, follow, max-snippet:-1, max-image-preview:large, max-video-preview:-1\" \/>\n<link rel=\"canonical\" href=\"https:\/\/www.laresidenceduparc.fr\/de\/residence-du-parc\/tagungen-seminare\/\" \/>\n<meta property=\"og:locale\" content=\"de_DE\" \/>\n<meta property=\"og:type\" content=\"article\" \/>\n<meta property=\"og:title\" content=\"Salles de S\u00e9minaire \u00e0 Val d&#039;Europe - R\u00e9sidence du Parc\" \/>\n<meta property=\"og:description\" content=\"S\u00e9minaires et r\u00e9unions pros \u00e0 Val d\u2019Europe : salles modernes, h\u00e9bergement sur place, proche Disneyland. R\u00e9servez d\u00e8s maintenant !\" \/>\n<meta property=\"og:url\" content=\"https:\/\/www.laresidenceduparc.fr\/de\/residence-du-parc\/tagungen-seminare\/\" \/>\n<meta property=\"og:site_name\" content=\"R\u00e9sidence du Parc\" \/>\n<meta property=\"article:modified_time\" content=\"2025-05-28T13:40:26+00:00\" \/>\n<meta name=\"twitter:card\" content=\"summary_large_image\" \/>\n<meta name=\"twitter:label1\" content=\"Gesch\u00e4tzte Lesezeit\" \/>\n\t<meta name=\"twitter:data1\" content=\"1 Minute\" \/>\n<script type=\"application\/ld+json\" class=\"yoast-schema-graph\">{\"@context\":\"https:\/\/schema.org\",\"@graph\":[{\"@type\":\"WebPage\",\"@id\":\"https:\/\/www.laresidenceduparc.fr\/de\/residence-du-parc\/tagungen-seminare\/\",\"url\":\"https:\/\/www.laresidenceduparc.fr\/de\/residence-du-parc\/tagungen-seminare\/\",\"name\":\"Salles de S\u00e9minaire \u00e0 Val d'Europe - R\u00e9sidence du Parc\",\"isPartOf\":{\"@id\":\"https:\/\/www.laresidenceduparc.fr\/de\/#website\"},\"datePublished\":\"2024-05-22T10:01:38+00:00\",\"dateModified\":\"2025-05-28T13:40:26+00:00\",\"description\":\"S\u00e9minaires et r\u00e9unions pros \u00e0 Val d\u2019Europe : salles modernes, h\u00e9bergement sur place, proche Disneyland. R\u00e9servez d\u00e8s maintenant !\",\"breadcrumb\":{\"@id\":\"https:\/\/www.laresidenceduparc.fr\/de\/residence-du-parc\/tagungen-seminare\/#breadcrumb\"},\"inLanguage\":\"de-DE\",\"potentialAction\":[{\"@type\":\"ReadAction\",\"target\":[\"https:\/\/www.laresidenceduparc.fr\/de\/residence-du-parc\/tagungen-seminare\/\"]}]},{\"@type\":\"BreadcrumbList\",\"@id\":\"https:\/\/www.laresidenceduparc.fr\/de\/residence-du-parc\/tagungen-seminare\/#breadcrumb\",\"itemListElement\":[{\"@type\":\"ListItem\",\"position\":1,\"name\":\"Home\",\"item\":\"https:\/\/www.laresidenceduparc.fr\/de\/\"},{\"@type\":\"ListItem\",\"position\":2,\"name\":\"R\u00e9sidence du Parc Val d&rsquo;Europe\",\"item\":\"https:\/\/www.laresidenceduparc.fr\/de\/\"},{\"@type\":\"ListItem\",\"position\":3,\"name\":\"Tagungen &amp; Seminare\"}]},{\"@type\":\"WebSite\",\"@id\":\"https:\/\/www.laresidenceduparc.fr\/de\/#website\",\"url\":\"https:\/\/www.laresidenceduparc.fr\/de\/\",\"name\":\"R\u00e9sidence du Parc\",\"description\":\"\",\"potentialAction\":[{\"@type\":\"SearchAction\",\"target\":{\"@type\":\"EntryPoint\",\"urlTemplate\":\"https:\/\/www.laresidenceduparc.fr\/de\/?s={search_term_string}\"},\"query-input\":\"required name=search_term_string\"}],\"inLanguage\":\"de-DE\"}]}<\/script>\n<!-- \/ Yoast SEO plugin. -->","yoast_head_json":{"title":"Salles de S\u00e9minaire \u00e0 Val d'Europe - R\u00e9sidence du Parc","description":"S\u00e9minaires et r\u00e9unions pros \u00e0 Val d\u2019Europe : salles modernes, h\u00e9bergement sur place, proche Disneyland. R\u00e9servez d\u00e8s maintenant !","robots":{"index":"index","follow":"follow","max-snippet":"max-snippet:-1","max-image-preview":"max-image-preview:large","max-video-preview":"max-video-preview:-1"},"canonical":"https:\/\/www.laresidenceduparc.fr\/de\/residence-du-parc\/tagungen-seminare\/","og_locale":"de_DE","og_type":"article","og_title":"Salles de S\u00e9minaire \u00e0 Val d'Europe - R\u00e9sidence du Parc","og_description":"S\u00e9minaires et r\u00e9unions pros \u00e0 Val d\u2019Europe : salles modernes, h\u00e9bergement sur place, proche Disneyland. R\u00e9servez d\u00e8s maintenant !","og_url":"https:\/\/www.laresidenceduparc.fr\/de\/residence-du-parc\/tagungen-seminare\/","og_site_name":"R\u00e9sidence du Parc","article_modified_time":"2025-05-28T13:40:26+00:00","twitter_card":"summary_large_image","twitter_misc":{"Gesch\u00e4tzte Lesezeit":"1 Minute"},"schema":{"@context":"https:\/\/schema.org","@graph":[{"@type":"WebPage","@id":"https:\/\/www.laresidenceduparc.fr\/de\/residence-du-parc\/tagungen-seminare\/","url":"https:\/\/www.laresidenceduparc.fr\/de\/residence-du-parc\/tagungen-seminare\/","name":"Salles de S\u00e9minaire \u00e0 Val d'Europe - R\u00e9sidence du Parc","isPartOf":{"@id":"https:\/\/www.laresidenceduparc.fr\/de\/#website"},"datePublished":"2024-05-22T10:01:38+00:00","dateModified":"2025-05-28T13:40:26+00:00","description":"S\u00e9minaires et r\u00e9unions pros \u00e0 Val d\u2019Europe : salles modernes, h\u00e9bergement sur place, proche Disneyland. R\u00e9servez d\u00e8s maintenant !","breadcrumb":{"@id":"https:\/\/www.laresidenceduparc.fr\/de\/residence-du-parc\/tagungen-seminare\/#breadcrumb"},"inLanguage":"de-DE","potentialAction":[{"@type":"ReadAction","target":["https:\/\/www.laresidenceduparc.fr\/de\/residence-du-parc\/tagungen-seminare\/"]}]},{"@type":"BreadcrumbList","@id":"https:\/\/www.laresidenceduparc.fr\/de\/residence-du-parc\/tagungen-seminare\/#breadcrumb","itemListElement":[{"@type":"ListItem","position":1,"name":"Home","item":"https:\/\/www.laresidenceduparc.fr\/de\/"},{"@type":"ListItem","position":2,"name":"R\u00e9sidence du Parc Val d&rsquo;Europe","item":"https:\/\/www.laresidenceduparc.fr\/de\/"},{"@type":"ListItem","position":3,"name":"Tagungen &amp; Seminare"}]},{"@type":"WebSite","@id":"https:\/\/www.laresidenceduparc.fr\/de\/#website","url":"https:\/\/www.laresidenceduparc.fr\/de\/","name":"R\u00e9sidence du Parc","description":"","potentialAction":[{"@type":"SearchAction","target":{"@type":"EntryPoint","urlTemplate":"https:\/\/www.laresidenceduparc.fr\/de\/?s={search_term_string}"},"query-input":"required name=search_term_string"}],"inLanguage":"de-DE"}]}},"acf":[],"_links":{"self":[{"href":"https:\/\/www.laresidenceduparc.fr\/de\/wp-json\/wp\/v2\/pages\/509"}],"collection":[{"href":"https:\/\/www.laresidenceduparc.fr\/de\/wp-json\/wp\/v2\/pages"}],"about":[{"href":"https:\/\/www.laresidenceduparc.fr\/de\/wp-json\/wp\/v2\/types\/page"}],"author":[{"embeddable":true,"href":"https:\/\/www.laresidenceduparc.fr\/de\/wp-json\/wp\/v2\/users\/27"}],"replies":[{"embeddable":true,"href":"https:\/\/www.laresidenceduparc.fr\/de\/wp-json\/wp\/v2\/comments?post=509"}],"version-history":[{"count":0,"href":"https:\/\/www.laresidenceduparc.fr\/de\/wp-json\/wp\/v2\/pages\/509\/revisions"}],"up":[{"embeddable":true,"href":"https:\/\/www.laresidenceduparc.fr\/de\/wp-json\/wp\/v2\/pages\/506"}],"wp:attachment":[{"href":"https:\/\/www.laresidenceduparc.fr\/de\/wp-json\/wp\/v2\/media?parent=509"}],"curies":[{"name":"wp","href":"https:\/\/api.w.org\/{rel}","templated":true}]}}