{"id":515,"date":"2025-03-19T10:17:10","date_gmt":"2025-03-19T10:17:10","guid":{"rendered":"https:\/\/www.laresidenceduparc.fr\/seminaire-val-europe-residence-du-parc\/"},"modified":"2025-05-28T14:06:31","modified_gmt":"2025-05-28T14:06:31","slug":"seminar-in-val-deurope-77","status":"publish","type":"page","link":"https:\/\/www.laresidenceduparc.fr\/de\/seminar-in-val-deurope-77\/","title":{"rendered":"Seminar in Val d\u2019Europe (77)"},"content":{"rendered":"<h4><strong>Sie organisieren demn\u00e4chst ein Seminar in Val d\u2019Europe?<\/strong><\/h4>\n<p>In der R\u00e9sidence du Parc Val d\u2019Europe bieten wir Ihnen die ideale Seminarraumvermietung f\u00fcr Ihre Besprechungen, Seminare und Schulungen. Nur 5 Minuten von Disneyland Paris und dem Gesch\u00e4ftszentrum Val d\u2019Europe entfernt, ist unsere Residenz der perfekte Ort zur Durchf\u00fchrung Ihrer gesch\u00e4ftlichen Veranstaltungen.<\/p>\n<h3><strong>Unsere Seminarr\u00e4ume sind flexibel gestaltbar<\/strong><\/h3>\n<p>Wir bieten Ihnen zwei moderne und flexibel nutzbare R\u00e4ume, die sich Ihren Bed\u00fcrfnissen anpassen \u2013 mit einem ausgezeichneten Preis-Leistungs-Verh\u00e4ltnis.<br \/>\n\u2022 Der Salon Matisse ist ger\u00e4umig und hell und bietet Platz f\u00fcr 20 bis 70 Teilnehmer. Er schafft eine ideale Atmosph\u00e4re f\u00fcr Ihre Meetings oder Seminare.<br \/>\n\u2022 Der Salon C\u00e9zanne mit privater Terrasse ist ideal f\u00fcr Veranstaltungen mit 20 bis 40 Personen. Dieser besondere Rahmen sorgt f\u00fcr eine angenehme und professionelle Erfahrung.<\/p>\n<p>Unsere R\u00e4ume k\u00f6nnen ganz nach Ihren W\u00fcnschen eingerichtet werden: in U-Form, Theaterbestuhlung, Klassenzimmer oder Stehempfang.<br \/>\nUnabh\u00e4ngig von der gew\u00e4hlten Anordnung passen wir uns Ihrem Event an.<br \/>\nAlle R\u00e4ume sind mit der notwendigen Technik ausgestattet, um den reibungslosen Ablauf Ihrer Tagung oder Ihres Seminars zu gew\u00e4hrleisten.<\/p>\n<p><img loading=\"lazy\" decoding=\"async\" class=\"alignnone size-medium wp-image-459\" src=\"https:\/\/www.laresidenceduparc.fr\/wp-content\/uploads\/sites\/144\/2025\/03\/Salle-reunion-A-1-300x200.jpg\" alt=\"\" width=\"300\" height=\"200\" srcset=\"https:\/\/www.laresidenceduparc.fr\/wp-content\/uploads\/sites\/144\/2025\/03\/Salle-reunion-A-1-300x200.jpg 300w, https:\/\/www.laresidenceduparc.fr\/wp-content\/uploads\/sites\/144\/2025\/03\/Salle-reunion-A-1-1024x683.jpg 1024w, https:\/\/www.laresidenceduparc.fr\/wp-content\/uploads\/sites\/144\/2025\/03\/Salle-reunion-A-1-768x512.jpg 768w, https:\/\/www.laresidenceduparc.fr\/wp-content\/uploads\/sites\/144\/2025\/03\/Salle-reunion-A-1-1536x1024.jpg 1536w, https:\/\/www.laresidenceduparc.fr\/wp-content\/uploads\/sites\/144\/2025\/03\/Salle-reunion-A-1-2048x1366.jpg 2048w, https:\/\/www.laresidenceduparc.fr\/wp-content\/uploads\/sites\/144\/2025\/03\/Salle-reunion-A-1-200x133.jpg 200w, https:\/\/www.laresidenceduparc.fr\/wp-content\/uploads\/sites\/144\/2025\/03\/Salle-reunion-A-1-600x400.jpg 600w, https:\/\/www.laresidenceduparc.fr\/wp-content\/uploads\/sites\/144\/2025\/03\/Salle-reunion-A-1-1000x667.jpg 1000w\" sizes=\"auto, (max-width: 300px) 100vw, 300px\" \/><img loading=\"lazy\" decoding=\"async\" class=\"alignnone size-medium wp-image-400\" src=\"https:\/\/www.laresidenceduparc.fr\/wp-content\/uploads\/sites\/144\/2025\/02\/Salle-reunion-B-1-300x200.jpg\" alt=\"Salle de r\u00e9union \u00e0 Mont\u00e9vrain (77)\" width=\"300\" height=\"200\" srcset=\"https:\/\/www.laresidenceduparc.fr\/wp-content\/uploads\/sites\/144\/2025\/02\/Salle-reunion-B-1-300x200.jpg 300w, https:\/\/www.laresidenceduparc.fr\/wp-content\/uploads\/sites\/144\/2025\/02\/Salle-reunion-B-1-1024x683.jpg 1024w, https:\/\/www.laresidenceduparc.fr\/wp-content\/uploads\/sites\/144\/2025\/02\/Salle-reunion-B-1-768x512.jpg 768w, https:\/\/www.laresidenceduparc.fr\/wp-content\/uploads\/sites\/144\/2025\/02\/Salle-reunion-B-1-1536x1024.jpg 1536w, https:\/\/www.laresidenceduparc.fr\/wp-content\/uploads\/sites\/144\/2025\/02\/Salle-reunion-B-1-2048x1366.jpg 2048w, https:\/\/www.laresidenceduparc.fr\/wp-content\/uploads\/sites\/144\/2025\/02\/Salle-reunion-B-1-200x133.jpg 200w, https:\/\/www.laresidenceduparc.fr\/wp-content\/uploads\/sites\/144\/2025\/02\/Salle-reunion-B-1-600x400.jpg 600w, https:\/\/www.laresidenceduparc.fr\/wp-content\/uploads\/sites\/144\/2025\/02\/Salle-reunion-B-1-1000x667.jpg 1000w\" sizes=\"auto, (max-width: 300px) 100vw, 300px\" \/><\/p>\n<h3 data-start=\"1314\" data-end=\"1347\"><strong>Ma\u00dfgeschneiderte Verpflegung f\u00fcr Ihre Seminare<\/strong><\/h3>\n<p data-start=\"1314\" data-end=\"1347\">Zur Abrundung Ihres Seminars bieten wir Ihnen <strong>ma\u00dfgeschneiderte Verpflegungsoptionen<\/strong>, um Ihren G\u00e4sten einen hochwertigen Service zu garantieren.<br \/>\n\u2022 <strong>Fr\u00fchst\u00fcck und Mittagessen auf Anfrage:<\/strong> Angepasst an Ihre W\u00fcnsche und Vorlieben.<br \/>\n\u2022 <strong>Exklusive Kaffeepausen:<\/strong> Eine genussvolle Pause, um Ihre Teams \u00fcber den Tag hinweg zu st\u00e4rken.<br \/>\n\u2022 <strong>Privater Speiseraum:<\/strong> Genie\u00dfen Sie Ihre Veranstaltung \u2013 wir k\u00fcmmern uns um jedes Detail.<\/p>\n<p>&nbsp;<\/p>\n<p><img loading=\"lazy\" decoding=\"async\" class=\"alignnone size-medium wp-image-443\" src=\"https:\/\/www.laresidenceduparc.fr\/wp-content\/uploads\/sites\/144\/2025\/03\/Buffet-Petit-Dej-9-300x200.jpg\" alt=\"\" width=\"300\" height=\"200\" srcset=\"https:\/\/www.laresidenceduparc.fr\/wp-content\/uploads\/sites\/144\/2025\/03\/Buffet-Petit-Dej-9-300x200.jpg 300w, https:\/\/www.laresidenceduparc.fr\/wp-content\/uploads\/sites\/144\/2025\/03\/Buffet-Petit-Dej-9-1024x683.jpg 1024w, https:\/\/www.laresidenceduparc.fr\/wp-content\/uploads\/sites\/144\/2025\/03\/Buffet-Petit-Dej-9-768x512.jpg 768w, https:\/\/www.laresidenceduparc.fr\/wp-content\/uploads\/sites\/144\/2025\/03\/Buffet-Petit-Dej-9-1536x1024.jpg 1536w, https:\/\/www.laresidenceduparc.fr\/wp-content\/uploads\/sites\/144\/2025\/03\/Buffet-Petit-Dej-9-2048x1366.jpg 2048w, https:\/\/www.laresidenceduparc.fr\/wp-content\/uploads\/sites\/144\/2025\/03\/Buffet-Petit-Dej-9-200x133.jpg 200w, https:\/\/www.laresidenceduparc.fr\/wp-content\/uploads\/sites\/144\/2025\/03\/Buffet-Petit-Dej-9-600x400.jpg 600w, https:\/\/www.laresidenceduparc.fr\/wp-content\/uploads\/sites\/144\/2025\/03\/Buffet-Petit-Dej-9-1000x667.jpg 1000w\" sizes=\"auto, (max-width: 300px) 100vw, 300px\" \/><img loading=\"lazy\" decoding=\"async\" class=\"alignnone size-medium wp-image-449\" src=\"https:\/\/www.laresidenceduparc.fr\/wp-content\/uploads\/sites\/144\/2025\/03\/Cafeteria-2eme-1-300x200.jpg\" alt=\"\" width=\"300\" height=\"200\" srcset=\"https:\/\/www.laresidenceduparc.fr\/wp-content\/uploads\/sites\/144\/2025\/03\/Cafeteria-2eme-1-300x200.jpg 300w, https:\/\/www.laresidenceduparc.fr\/wp-content\/uploads\/sites\/144\/2025\/03\/Cafeteria-2eme-1-1024x683.jpg 1024w, https:\/\/www.laresidenceduparc.fr\/wp-content\/uploads\/sites\/144\/2025\/03\/Cafeteria-2eme-1-768x512.jpg 768w, https:\/\/www.laresidenceduparc.fr\/wp-content\/uploads\/sites\/144\/2025\/03\/Cafeteria-2eme-1-1536x1024.jpg 1536w, https:\/\/www.laresidenceduparc.fr\/wp-content\/uploads\/sites\/144\/2025\/03\/Cafeteria-2eme-1-2048x1366.jpg 2048w, https:\/\/www.laresidenceduparc.fr\/wp-content\/uploads\/sites\/144\/2025\/03\/Cafeteria-2eme-1-200x133.jpg 200w, https:\/\/www.laresidenceduparc.fr\/wp-content\/uploads\/sites\/144\/2025\/03\/Cafeteria-2eme-1-600x400.jpg 600w, https:\/\/www.laresidenceduparc.fr\/wp-content\/uploads\/sites\/144\/2025\/03\/Cafeteria-2eme-1-1000x667.jpg 1000w\" sizes=\"auto, (max-width: 300px) 100vw, 300px\" \/><\/p>\n<h3 class=\"\" data-start=\"1778\" data-end=\"1832\">Komfortable Unterkunft f\u00fcr Ihre reisenden Teams<\/h3>\n<p data-start=\"1778\" data-end=\"1832\">F\u00fcr Ihre Teams auf Gesch\u00e4ftsreise bieten wir eine <strong>komfortable Unterkunft<\/strong>, ideal zur Entspannung nach einem Seminartag.<br \/>\n\u2022 <strong>Hochwertige Betten<\/strong> f\u00fcr erholsamen Schlaf<br \/>\n\u2022 <strong>Voll ausgestattete K\u00fcche<\/strong> \u2013 perfekt f\u00fcr l\u00e4ngere Aufenthalte<br \/>\n\u2022 <strong>Au\u00dfenpool<\/strong> zur Erholung in der Freizeit<\/p>\n<p><img loading=\"lazy\" decoding=\"async\" class=\"alignnone wp-image-349 size-medium\" src=\"https:\/\/www.laresidenceduparc.fr\/wp-content\/uploads\/sites\/144\/2024\/09\/ST4-Vert-3-300x200.jpg\" alt=\"Appartement avec cuisine\" width=\"300\" height=\"200\" srcset=\"https:\/\/www.laresidenceduparc.fr\/wp-content\/uploads\/sites\/144\/2024\/09\/ST4-Vert-3-300x200.jpg 300w, https:\/\/www.laresidenceduparc.fr\/wp-content\/uploads\/sites\/144\/2024\/09\/ST4-Vert-3-1024x683.jpg 1024w, https:\/\/www.laresidenceduparc.fr\/wp-content\/uploads\/sites\/144\/2024\/09\/ST4-Vert-3-768x512.jpg 768w, https:\/\/www.laresidenceduparc.fr\/wp-content\/uploads\/sites\/144\/2024\/09\/ST4-Vert-3-1536x1024.jpg 1536w, https:\/\/www.laresidenceduparc.fr\/wp-content\/uploads\/sites\/144\/2024\/09\/ST4-Vert-3-2048x1366.jpg 2048w, https:\/\/www.laresidenceduparc.fr\/wp-content\/uploads\/sites\/144\/2024\/09\/ST4-Vert-3-200x133.jpg 200w, https:\/\/www.laresidenceduparc.fr\/wp-content\/uploads\/sites\/144\/2024\/09\/ST4-Vert-3-600x400.jpg 600w, https:\/\/www.laresidenceduparc.fr\/wp-content\/uploads\/sites\/144\/2024\/09\/ST4-Vert-3-1000x667.jpg 1000w\" sizes=\"auto, (max-width: 300px) 100vw, 300px\" \/><img loading=\"lazy\" decoding=\"async\" class=\"alignnone size-medium wp-image-338\" src=\"https:\/\/www.laresidenceduparc.fr\/wp-content\/uploads\/sites\/144\/2024\/09\/1-ST4-Vert-Entree-1-300x200.jpg\" alt=\"\" width=\"300\" height=\"200\" srcset=\"https:\/\/www.laresidenceduparc.fr\/wp-content\/uploads\/sites\/144\/2024\/09\/1-ST4-Vert-Entree-1-300x200.jpg 300w, https:\/\/www.laresidenceduparc.fr\/wp-content\/uploads\/sites\/144\/2024\/09\/1-ST4-Vert-Entree-1-1024x683.jpg 1024w, https:\/\/www.laresidenceduparc.fr\/wp-content\/uploads\/sites\/144\/2024\/09\/1-ST4-Vert-Entree-1-768x512.jpg 768w, https:\/\/www.laresidenceduparc.fr\/wp-content\/uploads\/sites\/144\/2024\/09\/1-ST4-Vert-Entree-1-1536x1024.jpg 1536w, https:\/\/www.laresidenceduparc.fr\/wp-content\/uploads\/sites\/144\/2024\/09\/1-ST4-Vert-Entree-1-2048x1366.jpg 2048w, https:\/\/www.laresidenceduparc.fr\/wp-content\/uploads\/sites\/144\/2024\/09\/1-ST4-Vert-Entree-1-200x133.jpg 200w, https:\/\/www.laresidenceduparc.fr\/wp-content\/uploads\/sites\/144\/2024\/09\/1-ST4-Vert-Entree-1-600x400.jpg 600w, https:\/\/www.laresidenceduparc.fr\/wp-content\/uploads\/sites\/144\/2024\/09\/1-ST4-Vert-Entree-1-1000x667.jpg 1000w\" sizes=\"auto, (max-width: 300px) 100vw, 300px\" \/><\/p>\n<h3 class=\"\" data-start=\"2170\" data-end=\"2200\"><strong>Eine ideale Lage<\/strong><\/h3>\n<p data-start=\"2170\" data-end=\"2200\">Unsere Residenz befindet sich in <strong>Val d\u2019Europe<\/strong> und profitiert von einer strategisch g\u00fcnstigen Lage.<br \/>\n\u2022 Schnelle Anbindung: Autobahn A4, RER A, Shuttle-Services und kostenloser Parkplatz vor Ort<br \/>\n\u2022 Nahe Disneyland Paris \u2013 perfekt f\u00fcr Teambuilding-Aktivit\u00e4ten oder zur Entspannung Ihrer Mitarbeitenden nach einem Seminartag<\/p>\n<h3 data-start=\"2170\" data-end=\"2200\"><strong>Warum die R\u00e9sidence du Parc w\u00e4hlen?<\/strong><\/h3>\n<p data-start=\"2170\" data-end=\"2200\">\u2022 <strong>Moderne und flexible Seminarr\u00e4ume:<\/strong> Geeignet f\u00fcr alle Arten von gesch\u00e4ftlichen Veranstaltungen<br \/>\n\u2022 <strong>Ma\u00dfgeschneiderte Verpflegung:<\/strong> Mahlzeiten auf Anfrage, ganz nach Ihren W\u00fcnschen<br \/>\n\u2022 <strong>Engagiertes und reaktionsschnelles Team:<\/strong> Wir begleiten Sie w\u00e4hrend Ihrer gesamten Veranstaltung und sorgen f\u00fcr einen reibungslosen Ablauf<\/p>\n<p data-start=\"2170\" data-end=\"2200\"><strong>Aktivit\u00e4ten und Freizeit in der N\u00e4he<\/strong><br \/>\nBieten Sie Ihrem Team Teambuilding-Aktivit\u00e4ten an.<br \/>\nDisneyland Paris, nur wenige Minuten entfernt, bietet zahlreiche M\u00f6glichkeiten, den Teamzusammenhalt zu st\u00e4rken \u2013 und das in der zauberhaften Welt des Parks.<\/p>\n<h2 style=\"text-align: center;\" data-start=\"2905\" data-end=\"3131\">Jetzt reservieren<\/h2>\n<p style=\"text-align: center;\">\n                <div class='gf_browser_gecko gform_wrapper' id='gform_wrapper_8' ><form method='post' enctype='multipart\/form-data'  id='gform_8'  action='\/de\/wp-json\/wp\/v2\/pages\/515'>\n                        <div class='gform_body'><ul id='gform_fields_8' class='gform_fields top_label form_sublabel_below description_below'><li id='field_8_1'  class='gfield gfield_contains_required field_sublabel_below field_description_below gfield_visibility_visible' ><label class='gfield_label' for='input_8_1' >Vorname &amp; Nachname<span class='gfield_required'>*<\/span><\/label><div class='ginput_container ginput_container_text'><input name='input_1' id='input_8_1' type='text' value='' class='medium'     aria-required=\"true\" aria-invalid=\"false\" \/><\/div><\/li><li id='field_8_2'  class='gfield gfield_contains_required field_sublabel_below field_description_below gfield_visibility_visible' ><label class='gfield_label' for='input_8_2' >E-Mail<span class='gfield_required'>*<\/span><\/label><div class='ginput_container ginput_container_text'><input name='input_2' id='input_8_2' type='text' value='' class='medium'     aria-required=\"true\" aria-invalid=\"false\" \/><\/div><\/li><li id='field_8_3'  class='gfield field_sublabel_below field_description_below gfield_visibility_visible' ><label class='gfield_label' for='input_8_3' >Firma<\/label><div class='ginput_container ginput_container_text'><input name='input_3' id='input_8_3' type='text' value='' class='medium'      aria-invalid=\"false\" \/><\/div><\/li><li id='field_8_4'  class='gfield gfield_contains_required field_sublabel_below field_description_below gfield_visibility_visible' ><label class='gfield_label' for='input_8_4' >Telefon<span class='gfield_required'>*<\/span><\/label><div class='ginput_container ginput_container_text'><input name='input_4' id='input_8_4' type='text' value='' class='medium'     aria-required=\"true\" aria-invalid=\"false\" \/><\/div><\/li><li id='field_8_5'  class='gfield gfield_contains_required field_sublabel_below field_description_below gfield_visibility_visible' ><label class='gfield_label' for='input_8_5' >Postleitzahl<span class='gfield_required'>*<\/span><\/label><div class='ginput_container ginput_container_text'><input name='input_5' id='input_8_5' type='text' value='' class='medium'     aria-required=\"true\" aria-invalid=\"false\" \/><\/div><\/li><li id='field_8_6'  class='gfield field_sublabel_below field_description_below gfield_visibility_visible' ><label class='gfield_label' for='input_8_6' >Nachricht<\/label><div class='ginput_container ginput_container_textarea'><textarea name='input_6' id='input_8_6' class='textarea medium'      aria-invalid=\"false\"   rows='10' cols='50'><\/textarea><\/div><\/li><li id='field_8_7'  class='gfield gfield_contains_required field_sublabel_below field_description_below gfield_visibility_visible' ><label class='gfield_label' for='input_8_7' >Ein ganzer Tag \/ Ein halber Tag<span class='gfield_required'>*<\/span><\/label><div class='ginput_container ginput_container_text'><input name='input_7' id='input_8_7' type='text' value='' class='medium'     aria-required=\"true\" aria-invalid=\"false\" \/><\/div><\/li><li id='field_8_8'  class='gfield gfield_contains_required field_sublabel_below field_description_below gfield_visibility_visible' ><label class='gfield_label' for='input_8_8' >Erfrischung \/ Mittagessen \/ Unterkunft<span class='gfield_required'>*<\/span><\/label><div class='ginput_container ginput_container_text'><input name='input_8' id='input_8_8' type='text' value='' class='medium'     aria-required=\"true\" aria-invalid=\"false\" \/><\/div><\/li><li id='field_8_9'  class='gfield gfield_contains_required field_sublabel_below field_description_below gfield_visibility_visible' ><label class='gfield_label' for='input_8_9' >Anzahl der Teilnehmer<span class='gfield_required'>*<\/span><\/label><div class='ginput_container ginput_container_text'><input name='input_9' id='input_8_9' type='text' value='' class='medium'     aria-required=\"true\" aria-invalid=\"false\" \/><\/div><\/li><li id='field_8_10'  class='gfield gfield_contains_required field_sublabel_below field_description_below gfield_visibility_visible' ><label class='gfield_label' for='input_8_10' >Datum<span class='gfield_required'>*<\/span><\/label><div class='ginput_container ginput_container_date'>\n                            <input name='input_10' id='input_8_10' type='text' value='' class='datepicker medium mdy datepicker_no_icon'    aria-describedby='input_8_10_date_format' \/>\n                            <span id='input_8_10_date_format' class='screen-reader-text'>Date Format: MM Schr\u00e4gstrich TT Schr\u00e4gstrich JJJJ<\/span>\n                        <\/div>\n                        <input type='hidden' id='gforms_calendar_icon_input_8_10' class='gform_hidden' value='https:\/\/www.laresidenceduparc.fr\/wp-content\/plugins\/gravityforms\/images\/calendar.png'\/><\/li><li id='field_8_11'  class='gfield gfield_contains_required field_sublabel_below field_description_below gfield_visibility_visible' ><label class='gfield_label' for='input_8_11' >Budget<span class='gfield_required'>*<\/span><\/label><div class='ginput_container ginput_container_text'><input name='input_11' id='input_8_11' type='text' value='' class='medium'     aria-required=\"true\" aria-invalid=\"false\" \/><\/div><\/li><li id='field_8_12'  class='gfield gfield_contains_required field_sublabel_below field_description_below gfield_visibility_visible' ><label class='gfield_label'  >Pers\u00f6nliche Daten<span class='gfield_required'>*<\/span><\/label><div class='ginput_container ginput_container_consent'><input name='input_12.1' id='input_8_12_1' type='checkbox' value='1'   aria-required=\"true\" aria-invalid=\"false\"   \/> <label class=\"gfield_consent_label\" for='input_8_12_1' >Ich akzeptiere die Verarbeitung meiner pers\u00f6nlichen Daten wie in den rechtlichen Hinweisen angegeben<\/label><input type='hidden' name='input_12.2' value='Ich akzeptiere die Verarbeitung meiner pers\u00f6nlichen Daten wie in den rechtlichen Hinweisen angegeben' class='gform_hidden' \/><input type='hidden' name='input_12.3' value='8' class='gform_hidden' \/><\/div><\/li><li id='field_8_13'  class='gfield field_sublabel_below field_description_below gfield_visibility_visible' ><label class='gfield_label' for='input_8_13' >CAPTCHA<\/label><div id='input_8_13' class='ginput_container ginput_recaptcha' data-sitekey='6Lc-5-UpAAAAACCmwO_35HVPCcX3LSL5XTNk1ioU'  data-theme='light' data-tabindex='-1' data-size='invisible' data-badge='bottomright'><\/div><\/li><li id='field_8_14'  class='gfield gform_validation_container field_sublabel_below field_description_below gfield_visibility_visible' ><label class='gfield_label' for='input_8_14' >Email<\/label><div class='ginput_container'><input name='input_14' id='input_8_14' type='text' value='' \/><\/div><div class='gfield_description' id='gfield_description_8_14'>Dieses Feld dient zur Validierung und sollte nicht ver\u00e4ndert werden.<\/div><\/li>\n                            <\/ul><\/div>\n        <div class='gform_footer top_label'> <input type='submit' id='gform_submit_button_8' class='gform_button button' value='Einreichen'  onclick='if(window[\"gf_submitting_8\"]){return false;}  window[\"gf_submitting_8\"]=true;  ' onkeypress='if( event.keyCode == 13 ){ if(window[\"gf_submitting_8\"]){return false;} window[\"gf_submitting_8\"]=true;  jQuery(\"#gform_8\").trigger(\"submit\",[true]); }' \/> \n            <input type='hidden' class='gform_hidden' name='is_submit_8' value='1' \/>\n            <input type='hidden' class='gform_hidden' name='gform_submit' value='8' \/>\n            \n            <input type='hidden' class='gform_hidden' name='gform_unique_id' value='' \/>\n            <input type='hidden' class='gform_hidden' name='state_8' value='WyJ7XCIxMi4xXCI6XCI4MzJhYzNkNzdjYjEzMGI5NWZkOWFhYjZiNDU5NmYxMVwiLFwiMTIuMlwiOlwiOWJkYmI0ZGY4OTMxMDE0ZTE4NmJmZGQ2NzYyYzQ1MzdcIixcIjEyLjNcIjpcIjlkNDJjZGJhN2IyZjE4MWVkZGE4NTYyZGJmMjg0ZjAwXCJ9IiwiNGFmOGFjNTJjYWU1ODc2YjgyNTViY2Y4ZTk1ZjJjM2MiXQ==' \/>\n            <input type='hidden' class='gform_hidden' name='gform_target_page_number_8' id='gform_target_page_number_8' value='0' \/>\n            <input type='hidden' class='gform_hidden' name='gform_source_page_number_8' id='gform_source_page_number_8' value='1' \/>\n            <input type='hidden' name='gform_field_values' value='' \/>\n            \n        <\/div>\n                        <\/form>\n                        <\/div><script type='text\/javascript'> jQuery(document).bind('gform_post_render', function(event, formId, currentPage){if(formId == 8) {} } );jQuery(document).bind('gform_post_conditional_logic', function(event, formId, fields, isInit){} );<\/script><script type='text\/javascript'> jQuery(document).ready(function(){jQuery(document).trigger('gform_post_render', [8, 1]) } ); <\/script><\/p>\n<p>&nbsp;<\/p>\n","protected":false},"excerpt":{"rendered":"<p>Sie organisieren demn\u00e4chst ein Seminar in Val d\u2019Europe? In der R\u00e9sidence du Parc Val d\u2019Europe bieten wir Ihnen die ideale Seminarraumvermietung f\u00fcr Ihre Besprechungen, Seminare und Schulungen. Nur 5 Minuten von Disneyland Paris und dem Gesch\u00e4ftszentrum Val d\u2019Europe entfernt, ist unsere Residenz der perfekte Ort zur Durchf\u00fchrung Ihrer gesch\u00e4ftlichen Veranstaltungen. Unsere Seminarr\u00e4ume sind flexibel gestaltbar [&hellip;]<\/p>\n","protected":false},"author":179,"featured_media":0,"parent":0,"menu_order":0,"comment_status":"closed","ping_status":"closed","template":"","meta":{"footnotes":""},"class_list":["post-515","page","type-page","status-publish","hentry"],"yoast_head":"<!-- This site is optimized with the Yoast SEO plugin v27.3 - https:\/\/yoast.com\/product\/yoast-seo-wordpress\/ -->\n<title>Seminar in Val d\u2019Europe (77) - R\u00e9sidence du Parc<\/title>\n<meta name=\"description\" content=\"Organisez votre s\u00e9minaire \u00e0 la R\u00e9sidence du Parc Val d\u2019Europe. Contactez-nous d\u00e8s maintenant pour un devis personnalis\u00e9 !\" \/>\n<meta name=\"robots\" content=\"index, follow, max-snippet:-1, max-image-preview:large, max-video-preview:-1\" \/>\n<link rel=\"canonical\" href=\"https:\/\/www.laresidenceduparc.fr\/de\/seminar-in-val-deurope-77\/\" \/>\n<meta property=\"og:locale\" content=\"de_DE\" \/>\n<meta property=\"og:type\" content=\"article\" \/>\n<meta property=\"og:title\" content=\"Seminar in Val d\u2019Europe (77) - R\u00e9sidence du Parc\" \/>\n<meta property=\"og:description\" content=\"Organisez votre s\u00e9minaire \u00e0 la R\u00e9sidence du Parc Val d\u2019Europe. Contactez-nous d\u00e8s maintenant pour un devis personnalis\u00e9 !\" \/>\n<meta property=\"og:url\" content=\"https:\/\/www.laresidenceduparc.fr\/de\/seminar-in-val-deurope-77\/\" \/>\n<meta property=\"og:site_name\" content=\"R\u00e9sidence du Parc\" \/>\n<meta property=\"article:modified_time\" content=\"2025-05-28T14:06:31+00:00\" \/>\n<meta property=\"og:image\" content=\"https:\/\/www.laresidenceduparc.fr\/wp-content\/uploads\/sites\/144\/2025\/03\/Salle-reunion-A-1-300x200.jpg\" \/>\n<meta name=\"twitter:card\" content=\"summary_large_image\" \/>\n<meta name=\"twitter:label1\" content=\"Gesch\u00e4tzte Lesezeit\" \/>\n\t<meta name=\"twitter:data1\" content=\"3 Minuten\" \/>\n<script type=\"application\/ld+json\" class=\"yoast-schema-graph\">{\"@context\":\"https:\\\/\\\/schema.org\",\"@graph\":[{\"@type\":\"WebPage\",\"@id\":\"https:\\\/\\\/www.laresidenceduparc.fr\\\/de\\\/seminar-in-val-deurope-77\\\/\",\"url\":\"https:\\\/\\\/www.laresidenceduparc.fr\\\/de\\\/seminar-in-val-deurope-77\\\/\",\"name\":\"Seminar in Val d\u2019Europe (77) - R\u00e9sidence du Parc\",\"isPartOf\":{\"@id\":\"https:\\\/\\\/www.laresidenceduparc.fr\\\/de\\\/#website\"},\"primaryImageOfPage\":{\"@id\":\"https:\\\/\\\/www.laresidenceduparc.fr\\\/de\\\/seminar-in-val-deurope-77\\\/#primaryimage\"},\"image\":{\"@id\":\"https:\\\/\\\/www.laresidenceduparc.fr\\\/de\\\/seminar-in-val-deurope-77\\\/#primaryimage\"},\"thumbnailUrl\":\"https:\\\/\\\/www.laresidenceduparc.fr\\\/wp-content\\\/uploads\\\/sites\\\/144\\\/2025\\\/03\\\/Salle-reunion-A-1-300x200.jpg\",\"datePublished\":\"2025-03-19T10:17:10+00:00\",\"dateModified\":\"2025-05-28T14:06:31+00:00\",\"description\":\"Organisez votre s\u00e9minaire \u00e0 la R\u00e9sidence du Parc Val d\u2019Europe. Contactez-nous d\u00e8s maintenant pour un devis personnalis\u00e9 !\",\"breadcrumb\":{\"@id\":\"https:\\\/\\\/www.laresidenceduparc.fr\\\/de\\\/seminar-in-val-deurope-77\\\/#breadcrumb\"},\"inLanguage\":\"de-DE\",\"potentialAction\":[{\"@type\":\"ReadAction\",\"target\":[\"https:\\\/\\\/www.laresidenceduparc.fr\\\/de\\\/seminar-in-val-deurope-77\\\/\"]}]},{\"@type\":\"ImageObject\",\"inLanguage\":\"de-DE\",\"@id\":\"https:\\\/\\\/www.laresidenceduparc.fr\\\/de\\\/seminar-in-val-deurope-77\\\/#primaryimage\",\"url\":\"https:\\\/\\\/www.laresidenceduparc.fr\\\/wp-content\\\/uploads\\\/sites\\\/144\\\/2025\\\/03\\\/Salle-reunion-A-1-300x200.jpg\",\"contentUrl\":\"https:\\\/\\\/www.laresidenceduparc.fr\\\/wp-content\\\/uploads\\\/sites\\\/144\\\/2025\\\/03\\\/Salle-reunion-A-1-300x200.jpg\"},{\"@type\":\"BreadcrumbList\",\"@id\":\"https:\\\/\\\/www.laresidenceduparc.fr\\\/de\\\/seminar-in-val-deurope-77\\\/#breadcrumb\",\"itemListElement\":[{\"@type\":\"ListItem\",\"position\":1,\"name\":\"Home\",\"item\":\"https:\\\/\\\/www.laresidenceduparc.fr\\\/de\\\/\"},{\"@type\":\"ListItem\",\"position\":2,\"name\":\"Seminar in Val d\u2019Europe (77)\"}]},{\"@type\":\"WebSite\",\"@id\":\"https:\\\/\\\/www.laresidenceduparc.fr\\\/de\\\/#website\",\"url\":\"https:\\\/\\\/www.laresidenceduparc.fr\\\/de\\\/\",\"name\":\"R\u00e9sidence du Parc\",\"description\":\"\",\"potentialAction\":[{\"@type\":\"SearchAction\",\"target\":{\"@type\":\"EntryPoint\",\"urlTemplate\":\"https:\\\/\\\/www.laresidenceduparc.fr\\\/de\\\/?s={search_term_string}\"},\"query-input\":{\"@type\":\"PropertyValueSpecification\",\"valueRequired\":true,\"valueName\":\"search_term_string\"}}],\"inLanguage\":\"de-DE\"}]}<\/script>\n<!-- \/ Yoast SEO plugin. -->","yoast_head_json":{"title":"Seminar in Val d\u2019Europe (77) - R\u00e9sidence du Parc","description":"Organisez votre s\u00e9minaire \u00e0 la R\u00e9sidence du Parc Val d\u2019Europe. Contactez-nous d\u00e8s maintenant pour un devis personnalis\u00e9 !","robots":{"index":"index","follow":"follow","max-snippet":"max-snippet:-1","max-image-preview":"max-image-preview:large","max-video-preview":"max-video-preview:-1"},"canonical":"https:\/\/www.laresidenceduparc.fr\/de\/seminar-in-val-deurope-77\/","og_locale":"de_DE","og_type":"article","og_title":"Seminar in Val d\u2019Europe (77) - R\u00e9sidence du Parc","og_description":"Organisez votre s\u00e9minaire \u00e0 la R\u00e9sidence du Parc Val d\u2019Europe. Contactez-nous d\u00e8s maintenant pour un devis personnalis\u00e9 !","og_url":"https:\/\/www.laresidenceduparc.fr\/de\/seminar-in-val-deurope-77\/","og_site_name":"R\u00e9sidence du Parc","article_modified_time":"2025-05-28T14:06:31+00:00","og_image":[{"url":"https:\/\/www.laresidenceduparc.fr\/wp-content\/uploads\/sites\/144\/2025\/03\/Salle-reunion-A-1-300x200.jpg","type":"","width":"","height":""}],"twitter_card":"summary_large_image","twitter_misc":{"Gesch\u00e4tzte Lesezeit":"3 Minuten"},"schema":{"@context":"https:\/\/schema.org","@graph":[{"@type":"WebPage","@id":"https:\/\/www.laresidenceduparc.fr\/de\/seminar-in-val-deurope-77\/","url":"https:\/\/www.laresidenceduparc.fr\/de\/seminar-in-val-deurope-77\/","name":"Seminar in Val d\u2019Europe (77) - R\u00e9sidence du Parc","isPartOf":{"@id":"https:\/\/www.laresidenceduparc.fr\/de\/#website"},"primaryImageOfPage":{"@id":"https:\/\/www.laresidenceduparc.fr\/de\/seminar-in-val-deurope-77\/#primaryimage"},"image":{"@id":"https:\/\/www.laresidenceduparc.fr\/de\/seminar-in-val-deurope-77\/#primaryimage"},"thumbnailUrl":"https:\/\/www.laresidenceduparc.fr\/wp-content\/uploads\/sites\/144\/2025\/03\/Salle-reunion-A-1-300x200.jpg","datePublished":"2025-03-19T10:17:10+00:00","dateModified":"2025-05-28T14:06:31+00:00","description":"Organisez votre s\u00e9minaire \u00e0 la R\u00e9sidence du Parc Val d\u2019Europe. Contactez-nous d\u00e8s maintenant pour un devis personnalis\u00e9 !","breadcrumb":{"@id":"https:\/\/www.laresidenceduparc.fr\/de\/seminar-in-val-deurope-77\/#breadcrumb"},"inLanguage":"de-DE","potentialAction":[{"@type":"ReadAction","target":["https:\/\/www.laresidenceduparc.fr\/de\/seminar-in-val-deurope-77\/"]}]},{"@type":"ImageObject","inLanguage":"de-DE","@id":"https:\/\/www.laresidenceduparc.fr\/de\/seminar-in-val-deurope-77\/#primaryimage","url":"https:\/\/www.laresidenceduparc.fr\/wp-content\/uploads\/sites\/144\/2025\/03\/Salle-reunion-A-1-300x200.jpg","contentUrl":"https:\/\/www.laresidenceduparc.fr\/wp-content\/uploads\/sites\/144\/2025\/03\/Salle-reunion-A-1-300x200.jpg"},{"@type":"BreadcrumbList","@id":"https:\/\/www.laresidenceduparc.fr\/de\/seminar-in-val-deurope-77\/#breadcrumb","itemListElement":[{"@type":"ListItem","position":1,"name":"Home","item":"https:\/\/www.laresidenceduparc.fr\/de\/"},{"@type":"ListItem","position":2,"name":"Seminar in Val d\u2019Europe (77)"}]},{"@type":"WebSite","@id":"https:\/\/www.laresidenceduparc.fr\/de\/#website","url":"https:\/\/www.laresidenceduparc.fr\/de\/","name":"R\u00e9sidence du Parc","description":"","potentialAction":[{"@type":"SearchAction","target":{"@type":"EntryPoint","urlTemplate":"https:\/\/www.laresidenceduparc.fr\/de\/?s={search_term_string}"},"query-input":{"@type":"PropertyValueSpecification","valueRequired":true,"valueName":"search_term_string"}}],"inLanguage":"de-DE"}]}},"acf":[],"_links":{"self":[{"href":"https:\/\/www.laresidenceduparc.fr\/de\/wp-json\/wp\/v2\/pages\/515","targetHints":{"allow":["GET"]}}],"collection":[{"href":"https:\/\/www.laresidenceduparc.fr\/de\/wp-json\/wp\/v2\/pages"}],"about":[{"href":"https:\/\/www.laresidenceduparc.fr\/de\/wp-json\/wp\/v2\/types\/page"}],"author":[{"embeddable":true,"href":"https:\/\/www.laresidenceduparc.fr\/de\/wp-json\/wp\/v2\/users\/179"}],"replies":[{"embeddable":true,"href":"https:\/\/www.laresidenceduparc.fr\/de\/wp-json\/wp\/v2\/comments?post=515"}],"version-history":[{"count":0,"href":"https:\/\/www.laresidenceduparc.fr\/de\/wp-json\/wp\/v2\/pages\/515\/revisions"}],"wp:attachment":[{"href":"https:\/\/www.laresidenceduparc.fr\/de\/wp-json\/wp\/v2\/media?parent=515"}],"curies":[{"name":"wp","href":"https:\/\/api.w.org\/{rel}","templated":true}]}}