{"id":517,"date":"2025-03-26T16:53:25","date_gmt":"2025-03-26T16:53:25","guid":{"rendered":"https:\/\/www.laresidenceduparc.fr\/location-seminaire-avec-restauration-val-deurope-77\/"},"modified":"2025-05-28T14:12:49","modified_gmt":"2025-05-28T14:12:49","slug":"seminar-mit-verpflegung-in-val-deurope-77","status":"publish","type":"page","link":"https:\/\/www.laresidenceduparc.fr\/de\/seminar-mit-verpflegung-in-val-deurope-77\/","title":{"rendered":"Seminar mit Verpflegung in Val d\u2019Europe (77)"},"content":{"rendered":"<section>\n<p class=\"\" data-start=\"255\" data-end=\"512\">Sind Sie Eventmanager oder Assistenz der Gesch\u00e4ftsf\u00fchrung auf der Suche nach einem Seminar mit Verpflegung?<br \/>\nIn der R\u00e9sidence du Parc bieten wir Ihnen Seminarr\u00e4ume, die auf Ihre Bed\u00fcrfnisse zugeschnitten sind, sowie ma\u00dfgeschneiderte Verpflegungsoptionen f\u00fcr eine reibungslose Veranstaltung.<br \/>\nUnsere flexiblen R\u00e4ume sind ideal f\u00fcr Gruppen von 20 bis 70 Personen.<br \/>\nNeben unseren Seminarr\u00e4umen bieten wir Ihnen ma\u00dfgeschneiderte Verpflegungsoptionen, um Ihre Veranstaltung noch angenehmer und produktiver zu gestalten.<\/p>\n<p><img loading=\"lazy\" decoding=\"async\" class=\"alignnone wp-image-400 \" src=\"https:\/\/www.laresidenceduparc.fr\/wp-content\/uploads\/sites\/144\/2025\/02\/Salle-reunion-B-1-300x200.jpg\" alt=\"Salle s\u00e9minaire avec restauration\" width=\"349\" height=\"232\" srcset=\"https:\/\/www.laresidenceduparc.fr\/wp-content\/uploads\/sites\/144\/2025\/02\/Salle-reunion-B-1-300x200.jpg 300w, https:\/\/www.laresidenceduparc.fr\/wp-content\/uploads\/sites\/144\/2025\/02\/Salle-reunion-B-1-1024x683.jpg 1024w, https:\/\/www.laresidenceduparc.fr\/wp-content\/uploads\/sites\/144\/2025\/02\/Salle-reunion-B-1-768x512.jpg 768w, https:\/\/www.laresidenceduparc.fr\/wp-content\/uploads\/sites\/144\/2025\/02\/Salle-reunion-B-1-1536x1024.jpg 1536w, https:\/\/www.laresidenceduparc.fr\/wp-content\/uploads\/sites\/144\/2025\/02\/Salle-reunion-B-1-2048x1366.jpg 2048w, https:\/\/www.laresidenceduparc.fr\/wp-content\/uploads\/sites\/144\/2025\/02\/Salle-reunion-B-1-200x133.jpg 200w, https:\/\/www.laresidenceduparc.fr\/wp-content\/uploads\/sites\/144\/2025\/02\/Salle-reunion-B-1-600x400.jpg 600w, https:\/\/www.laresidenceduparc.fr\/wp-content\/uploads\/sites\/144\/2025\/02\/Salle-reunion-B-1-1000x667.jpg 1000w\" sizes=\"auto, (max-width: 349px) 100vw, 349px\" \/>\u00a0 \u00a0 \u00a0<img loading=\"lazy\" decoding=\"async\" class=\"alignnone wp-image-398 \" src=\"https:\/\/www.laresidenceduparc.fr\/wp-content\/uploads\/sites\/144\/2025\/02\/Salle-reunion-B-5-300x200.jpg\" alt=\"Salle de s\u00e9minaire avec restauration proche Val d\u2019Europe\" width=\"349\" height=\"232\" srcset=\"https:\/\/www.laresidenceduparc.fr\/wp-content\/uploads\/sites\/144\/2025\/02\/Salle-reunion-B-5-300x200.jpg 300w, https:\/\/www.laresidenceduparc.fr\/wp-content\/uploads\/sites\/144\/2025\/02\/Salle-reunion-B-5-1024x683.jpg 1024w, https:\/\/www.laresidenceduparc.fr\/wp-content\/uploads\/sites\/144\/2025\/02\/Salle-reunion-B-5-768x512.jpg 768w, https:\/\/www.laresidenceduparc.fr\/wp-content\/uploads\/sites\/144\/2025\/02\/Salle-reunion-B-5-1536x1024.jpg 1536w, https:\/\/www.laresidenceduparc.fr\/wp-content\/uploads\/sites\/144\/2025\/02\/Salle-reunion-B-5-2048x1366.jpg 2048w, https:\/\/www.laresidenceduparc.fr\/wp-content\/uploads\/sites\/144\/2025\/02\/Salle-reunion-B-5-200x133.jpg 200w, https:\/\/www.laresidenceduparc.fr\/wp-content\/uploads\/sites\/144\/2025\/02\/Salle-reunion-B-5-600x400.jpg 600w, https:\/\/www.laresidenceduparc.fr\/wp-content\/uploads\/sites\/144\/2025\/02\/Salle-reunion-B-5-1000x667.jpg 1000w\" sizes=\"auto, (max-width: 349px) 100vw, 349px\" \/><\/p>\n<p>Entdecken Sie den Salon Matisse und den Salon C\u00e9zanne, unsere perfekten R\u00e4ume f\u00fcr Ihre Seminare und Besprechungen.<\/p>\n<h3>Warum ein Seminar mit Verpflegung w\u00e4hlen?<\/h3>\n<p>Wir stellen Ihnen Fr\u00fchst\u00fccke und Mittagessen zur Verf\u00fcgung, die sorgf\u00e4ltig zubereitet werden, um den Vorlieben Ihrer Teilnehmer gerecht zu werden. Sie k\u00f6nnen sicher sein, dass die Mahlzeiten Ihren Erwartungen entsprechen, und das in einer angenehmen und einladenden Atmosph\u00e4re.<\/p>\n<\/section>\n<section><img loading=\"lazy\" decoding=\"async\" class=\"alignnone wp-image-443 \" src=\"https:\/\/www.laresidenceduparc.fr\/wp-content\/uploads\/sites\/144\/2025\/03\/Buffet-Petit-Dej-9-300x200.jpg\" alt=\"restauration pour s\u00e9minaire \" width=\"349\" height=\"232\" srcset=\"https:\/\/www.laresidenceduparc.fr\/wp-content\/uploads\/sites\/144\/2025\/03\/Buffet-Petit-Dej-9-300x200.jpg 300w, https:\/\/www.laresidenceduparc.fr\/wp-content\/uploads\/sites\/144\/2025\/03\/Buffet-Petit-Dej-9-1024x683.jpg 1024w, https:\/\/www.laresidenceduparc.fr\/wp-content\/uploads\/sites\/144\/2025\/03\/Buffet-Petit-Dej-9-768x512.jpg 768w, https:\/\/www.laresidenceduparc.fr\/wp-content\/uploads\/sites\/144\/2025\/03\/Buffet-Petit-Dej-9-1536x1024.jpg 1536w, https:\/\/www.laresidenceduparc.fr\/wp-content\/uploads\/sites\/144\/2025\/03\/Buffet-Petit-Dej-9-2048x1366.jpg 2048w, https:\/\/www.laresidenceduparc.fr\/wp-content\/uploads\/sites\/144\/2025\/03\/Buffet-Petit-Dej-9-200x133.jpg 200w, https:\/\/www.laresidenceduparc.fr\/wp-content\/uploads\/sites\/144\/2025\/03\/Buffet-Petit-Dej-9-600x400.jpg 600w, https:\/\/www.laresidenceduparc.fr\/wp-content\/uploads\/sites\/144\/2025\/03\/Buffet-Petit-Dej-9-1000x667.jpg 1000w\" sizes=\"auto, (max-width: 349px) 100vw, 349px\" \/>\u00a0 \u00a0 \u00a0<img loading=\"lazy\" decoding=\"async\" class=\"alignnone wp-image-449\" src=\"https:\/\/www.laresidenceduparc.fr\/wp-content\/uploads\/sites\/144\/2025\/03\/Cafeteria-2eme-1-300x200.jpg\" alt=\"\" width=\"349\" height=\"232\" srcset=\"https:\/\/www.laresidenceduparc.fr\/wp-content\/uploads\/sites\/144\/2025\/03\/Cafeteria-2eme-1-300x200.jpg 300w, https:\/\/www.laresidenceduparc.fr\/wp-content\/uploads\/sites\/144\/2025\/03\/Cafeteria-2eme-1-1024x683.jpg 1024w, https:\/\/www.laresidenceduparc.fr\/wp-content\/uploads\/sites\/144\/2025\/03\/Cafeteria-2eme-1-768x512.jpg 768w, https:\/\/www.laresidenceduparc.fr\/wp-content\/uploads\/sites\/144\/2025\/03\/Cafeteria-2eme-1-1536x1024.jpg 1536w, https:\/\/www.laresidenceduparc.fr\/wp-content\/uploads\/sites\/144\/2025\/03\/Cafeteria-2eme-1-2048x1366.jpg 2048w, https:\/\/www.laresidenceduparc.fr\/wp-content\/uploads\/sites\/144\/2025\/03\/Cafeteria-2eme-1-200x133.jpg 200w, https:\/\/www.laresidenceduparc.fr\/wp-content\/uploads\/sites\/144\/2025\/03\/Cafeteria-2eme-1-600x400.jpg 600w, https:\/\/www.laresidenceduparc.fr\/wp-content\/uploads\/sites\/144\/2025\/03\/Cafeteria-2eme-1-1000x667.jpg 1000w\" sizes=\"auto, (max-width: 349px) 100vw, 349px\" \/><\/section>\n<section>\n<h3>Profitieren Sie von unseren Kaffeemaschinen f\u00fcr Ihr Seminar<\/h3>\n<p>Wir stellen Ihnen professionelle Kaffeemaschinen zur Verf\u00fcgung, die Ihre Pausen w\u00e4hrend des Seminars bereichern. Ihre G\u00e4ste k\u00f6nnen sich so bei einer kleinen Erfrischung entspannen, in einer angenehmen und praktischen Umgebung, und bleiben gleichzeitig konzentriert und bereit f\u00fcr den weiteren Verlauf Ihrer Veranstaltung.<\/p>\n<h3>Ein reaktionsschnelles Team f\u00fcr den Erfolg Ihres Seminars<\/h3>\n<p>Bei der Anmietung eines Seminarrraums mit Verpflegung in Mont\u00e9vrain steht Ihnen unser Team w\u00e4hrend des gesamten Prozesses zur Seite. Wir verpflichten uns, schnell auf Ihre Anfragen zu reagieren und alle Ihre W\u00fcnsche zu erf\u00fcllen, damit Ihre Veranstaltung reibungslos verl\u00e4uft. Dank unserer Erfahrung sorgen wir daf\u00fcr, dass jedes Detail ber\u00fccksichtigt wird.<\/p>\n<h3>Profitieren Sie von einer Rundum-L\u00f6sung<\/h3>\n<p>Mit der Anmietung unseres Seminarrraums in Mont\u00e9vrain entscheiden Sie sich f\u00fcr eine Komplettl\u00f6sung.<br \/>\nWir k\u00fcmmern uns um alle Details, um den Erfolg Ihres Seminars zu gew\u00e4hrleisten.<br \/>\nIn der N\u00e4he von Val d\u2019Europe und Disneyland Paris bieten wir Ihnen einen idealen Rahmen f\u00fcr Ihre beruflichen Veranstaltungen.<br \/>\n\u00a9 2025 R\u00e9sidence du Parc Val d\u2019Europe<\/p>\n<\/section>\n<h4 style=\"text-align: center;\">INDIVIDUELLE ANGEBOTE<\/h4>\n<p style=\"text-align: center;\">\n                <div class='gf_browser_gecko gform_wrapper' id='gform_wrapper_8' ><form method='post' enctype='multipart\/form-data'  id='gform_8'  action='\/de\/wp-json\/wp\/v2\/pages\/517'>\n                        <div class='gform_heading'>\n                            <span class='gform_description'><\/span>\n                        <\/div>\n                        <div class='gform_body'><ul id='gform_fields_8' class='gform_fields top_label form_sublabel_below description_below'><li id='field_8_1'  class='gfield gfield_contains_required field_sublabel_below field_description_below gfield_visibility_visible' ><label class='gfield_label' for='input_8_1' >Vorname &amp; Nachname<span class='gfield_required'>*<\/span><\/label><div class='ginput_container ginput_container_text'><input name='input_1' id='input_8_1' type='text' value='' class='medium'     aria-required=\"true\" aria-invalid=\"false\" \/><\/div><\/li><li id='field_8_2'  class='gfield gfield_contains_required field_sublabel_below field_description_below gfield_visibility_visible' ><label class='gfield_label' for='input_8_2' >E-Mail<span class='gfield_required'>*<\/span><\/label><div class='ginput_container ginput_container_text'><input name='input_2' id='input_8_2' type='text' value='' class='medium'     aria-required=\"true\" aria-invalid=\"false\" \/><\/div><\/li><li id='field_8_3'  class='gfield field_sublabel_below field_description_below gfield_visibility_visible' ><label class='gfield_label' for='input_8_3' >Firma<\/label><div class='ginput_container ginput_container_text'><input name='input_3' id='input_8_3' type='text' value='' class='medium'      aria-invalid=\"false\" \/><\/div><\/li><li id='field_8_4'  class='gfield gfield_contains_required field_sublabel_below field_description_below gfield_visibility_visible' ><label class='gfield_label' for='input_8_4' >Telefon<span class='gfield_required'>*<\/span><\/label><div class='ginput_container ginput_container_text'><input name='input_4' id='input_8_4' type='text' value='' class='medium'     aria-required=\"true\" aria-invalid=\"false\" \/><\/div><\/li><li id='field_8_5'  class='gfield gfield_contains_required field_sublabel_below field_description_below gfield_visibility_visible' ><label class='gfield_label' for='input_8_5' >Postleitzahl<span class='gfield_required'>*<\/span><\/label><div class='ginput_container ginput_container_text'><input name='input_5' id='input_8_5' type='text' value='' class='medium'     aria-required=\"true\" aria-invalid=\"false\" \/><\/div><\/li><li id='field_8_6'  class='gfield field_sublabel_below field_description_below gfield_visibility_visible' ><label class='gfield_label' for='input_8_6' >Nachricht<\/label><div class='ginput_container ginput_container_textarea'><textarea name='input_6' id='input_8_6' class='textarea medium'      aria-invalid=\"false\"   rows='10' cols='50'><\/textarea><\/div><\/li><li id='field_8_7'  class='gfield gfield_contains_required field_sublabel_below field_description_below gfield_visibility_visible' ><label class='gfield_label' for='input_8_7' >Ein ganzer Tag \/ Ein halber Tag<span class='gfield_required'>*<\/span><\/label><div class='ginput_container ginput_container_text'><input name='input_7' id='input_8_7' type='text' value='' class='medium'     aria-required=\"true\" aria-invalid=\"false\" \/><\/div><\/li><li id='field_8_8'  class='gfield gfield_contains_required field_sublabel_below field_description_below gfield_visibility_visible' ><label class='gfield_label' for='input_8_8' >Erfrischung \/ Mittagessen \/ Unterkunft<span class='gfield_required'>*<\/span><\/label><div class='ginput_container ginput_container_text'><input name='input_8' id='input_8_8' type='text' value='' class='medium'     aria-required=\"true\" aria-invalid=\"false\" \/><\/div><\/li><li id='field_8_9'  class='gfield gfield_contains_required field_sublabel_below field_description_below gfield_visibility_visible' ><label class='gfield_label' for='input_8_9' >Anzahl der Teilnehmer<span class='gfield_required'>*<\/span><\/label><div class='ginput_container ginput_container_text'><input name='input_9' id='input_8_9' type='text' value='' class='medium'     aria-required=\"true\" aria-invalid=\"false\" \/><\/div><\/li><li id='field_8_10'  class='gfield gfield_contains_required field_sublabel_below field_description_below gfield_visibility_visible' ><label class='gfield_label' for='input_8_10' >Datum<span class='gfield_required'>*<\/span><\/label><div class='ginput_container ginput_container_date'>\n                            <input name='input_10' id='input_8_10' type='text' value='' class='datepicker medium mdy datepicker_no_icon'    aria-describedby='input_8_10_date_format' \/>\n                            <span id='input_8_10_date_format' class='screen-reader-text'>Date Format: MM Schr\u00e4gstrich TT Schr\u00e4gstrich JJJJ<\/span>\n                        <\/div>\n                        <input type='hidden' id='gforms_calendar_icon_input_8_10' class='gform_hidden' value='https:\/\/www.laresidenceduparc.fr\/wp-content\/plugins\/gravityforms\/images\/calendar.png'\/><\/li><li id='field_8_11'  class='gfield gfield_contains_required field_sublabel_below field_description_below gfield_visibility_visible' ><label class='gfield_label' for='input_8_11' >Budget<span class='gfield_required'>*<\/span><\/label><div class='ginput_container ginput_container_text'><input name='input_11' id='input_8_11' type='text' value='' class='medium'     aria-required=\"true\" aria-invalid=\"false\" \/><\/div><\/li><li id='field_8_12'  class='gfield gfield_contains_required field_sublabel_below field_description_below gfield_visibility_visible' ><label class='gfield_label'  >Pers\u00f6nliche Daten<span class='gfield_required'>*<\/span><\/label><div class='ginput_container ginput_container_consent'><input name='input_12.1' id='input_8_12_1' type='checkbox' value='1'   aria-required=\"true\" aria-invalid=\"false\"   \/> <label class=\"gfield_consent_label\" for='input_8_12_1' >Ich akzeptiere die Verarbeitung meiner pers\u00f6nlichen Daten wie in den rechtlichen Hinweisen angegeben<\/label><input type='hidden' name='input_12.2' value='Ich akzeptiere die Verarbeitung meiner pers\u00f6nlichen Daten wie in den rechtlichen Hinweisen angegeben' class='gform_hidden' \/><input type='hidden' name='input_12.3' value='8' class='gform_hidden' \/><\/div><\/li><li id='field_8_13'  class='gfield field_sublabel_below field_description_below gfield_visibility_visible' ><label class='gfield_label' for='input_8_13' >CAPTCHA<\/label><div id='input_8_13' class='ginput_container ginput_recaptcha' data-sitekey='6Lc-5-UpAAAAACCmwO_35HVPCcX3LSL5XTNk1ioU'  data-theme='light' data-tabindex='-1' data-size='invisible' data-badge='bottomright'><\/div><\/li><li id='field_8_14'  class='gfield gform_validation_container field_sublabel_below field_description_below gfield_visibility_visible' ><label class='gfield_label' for='input_8_14' >Comments<\/label><div class='ginput_container'><input name='input_14' id='input_8_14' type='text' value='' \/><\/div><div class='gfield_description' id='gfield_description_8_14'>Dieses Feld dient zur Validierung und sollte nicht ver\u00e4ndert werden.<\/div><\/li>\n                            <\/ul><\/div>\n        <div class='gform_footer top_label'> <input type='submit' id='gform_submit_button_8' class='gform_button button' value='Einreichen'  onclick='if(window[\"gf_submitting_8\"]){return false;}  window[\"gf_submitting_8\"]=true;  ' onkeypress='if( event.keyCode == 13 ){ if(window[\"gf_submitting_8\"]){return false;} window[\"gf_submitting_8\"]=true;  jQuery(\"#gform_8\").trigger(\"submit\",[true]); }' \/> \n            <input type='hidden' class='gform_hidden' name='is_submit_8' value='1' \/>\n            <input type='hidden' class='gform_hidden' name='gform_submit' value='8' \/>\n            \n            <input type='hidden' class='gform_hidden' name='gform_unique_id' value='' \/>\n            <input type='hidden' class='gform_hidden' name='state_8' value='WyJ7XCIxMi4xXCI6XCI4MzJhYzNkNzdjYjEzMGI5NWZkOWFhYjZiNDU5NmYxMVwiLFwiMTIuMlwiOlwiOWJkYmI0ZGY4OTMxMDE0ZTE4NmJmZGQ2NzYyYzQ1MzdcIixcIjEyLjNcIjpcIjlkNDJjZGJhN2IyZjE4MWVkZGE4NTYyZGJmMjg0ZjAwXCJ9IiwiNGFmOGFjNTJjYWU1ODc2YjgyNTViY2Y4ZTk1ZjJjM2MiXQ==' \/>\n            <input type='hidden' class='gform_hidden' name='gform_target_page_number_8' id='gform_target_page_number_8' value='0' \/>\n            <input type='hidden' class='gform_hidden' name='gform_source_page_number_8' id='gform_source_page_number_8' value='1' \/>\n            <input type='hidden' name='gform_field_values' value='' \/>\n            \n        <\/div>\n                        <\/form>\n                        <\/div><script type='text\/javascript'> jQuery(document).bind('gform_post_render', function(event, formId, currentPage){if(formId == 8) {} } );jQuery(document).bind('gform_post_conditional_logic', function(event, formId, fields, isInit){} );<\/script><script type='text\/javascript'> jQuery(document).ready(function(){jQuery(document).trigger('gform_post_render', [8, 1]) } ); <\/script><\/p>\n","protected":false},"excerpt":{"rendered":"<p>Sind Sie Eventmanager oder Assistenz der Gesch\u00e4ftsf\u00fchrung auf der Suche nach einem Seminar mit Verpflegung? In der R\u00e9sidence du Parc bieten wir Ihnen Seminarr\u00e4ume, die auf Ihre Bed\u00fcrfnisse zugeschnitten sind, sowie ma\u00dfgeschneiderte Verpflegungsoptionen f\u00fcr eine reibungslose Veranstaltung. Unsere flexiblen R\u00e4ume sind ideal f\u00fcr Gruppen von 20 bis 70 Personen. Neben unseren Seminarr\u00e4umen bieten wir Ihnen [&hellip;]<\/p>\n","protected":false},"author":179,"featured_media":0,"parent":0,"menu_order":0,"comment_status":"closed","ping_status":"closed","template":"","meta":{"footnotes":""},"class_list":["post-517","page","type-page","status-publish","hentry"],"yoast_head":"<!-- This site is optimized with the Yoast SEO plugin v27.3 - https:\/\/yoast.com\/product\/yoast-seo-wordpress\/ -->\n<title>Seminar mit Verpflegung in Val d\u2019Europe (77) - R\u00e9sidence du Parc<\/title>\n<meta name=\"description\" content=\"Location de salle de s\u00e9minaire pr\u00e8s de Val d&#039;Europe, avec options de restauration sur mesure : petit d\u00e9jeuner, d\u00e9jeuner et caf\u00e9 privatis\u00e9.\" \/>\n<meta name=\"robots\" content=\"index, follow, max-snippet:-1, max-image-preview:large, max-video-preview:-1\" \/>\n<link rel=\"canonical\" href=\"https:\/\/www.laresidenceduparc.fr\/de\/seminar-mit-verpflegung-in-val-deurope-77\/\" \/>\n<meta property=\"og:locale\" content=\"de_DE\" \/>\n<meta property=\"og:type\" content=\"article\" \/>\n<meta property=\"og:title\" content=\"Seminar mit Verpflegung in Val d\u2019Europe (77) - R\u00e9sidence du Parc\" \/>\n<meta property=\"og:description\" content=\"Location de salle de s\u00e9minaire pr\u00e8s de Val d&#039;Europe, avec options de restauration sur mesure : petit d\u00e9jeuner, d\u00e9jeuner et caf\u00e9 privatis\u00e9.\" \/>\n<meta property=\"og:url\" content=\"https:\/\/www.laresidenceduparc.fr\/de\/seminar-mit-verpflegung-in-val-deurope-77\/\" \/>\n<meta property=\"og:site_name\" content=\"R\u00e9sidence du Parc\" \/>\n<meta property=\"article:modified_time\" content=\"2025-05-28T14:12:49+00:00\" \/>\n<meta property=\"og:image\" content=\"https:\/\/www.laresidenceduparc.fr\/wp-content\/uploads\/sites\/144\/2025\/02\/Salle-reunion-B-1-300x200.jpg\" \/>\n<meta name=\"twitter:card\" content=\"summary_large_image\" \/>\n<meta name=\"twitter:label1\" content=\"Gesch\u00e4tzte Lesezeit\" \/>\n\t<meta name=\"twitter:data1\" content=\"3 Minuten\" \/>\n<script type=\"application\/ld+json\" class=\"yoast-schema-graph\">{\"@context\":\"https:\\\/\\\/schema.org\",\"@graph\":[{\"@type\":\"WebPage\",\"@id\":\"https:\\\/\\\/www.laresidenceduparc.fr\\\/de\\\/seminar-mit-verpflegung-in-val-deurope-77\\\/\",\"url\":\"https:\\\/\\\/www.laresidenceduparc.fr\\\/de\\\/seminar-mit-verpflegung-in-val-deurope-77\\\/\",\"name\":\"Seminar mit Verpflegung in Val d\u2019Europe (77) - R\u00e9sidence du Parc\",\"isPartOf\":{\"@id\":\"https:\\\/\\\/www.laresidenceduparc.fr\\\/de\\\/#website\"},\"primaryImageOfPage\":{\"@id\":\"https:\\\/\\\/www.laresidenceduparc.fr\\\/de\\\/seminar-mit-verpflegung-in-val-deurope-77\\\/#primaryimage\"},\"image\":{\"@id\":\"https:\\\/\\\/www.laresidenceduparc.fr\\\/de\\\/seminar-mit-verpflegung-in-val-deurope-77\\\/#primaryimage\"},\"thumbnailUrl\":\"https:\\\/\\\/www.laresidenceduparc.fr\\\/wp-content\\\/uploads\\\/sites\\\/144\\\/2025\\\/02\\\/Salle-reunion-B-1-300x200.jpg\",\"datePublished\":\"2025-03-26T16:53:25+00:00\",\"dateModified\":\"2025-05-28T14:12:49+00:00\",\"description\":\"Location de salle de s\u00e9minaire pr\u00e8s de Val d'Europe, avec options de restauration sur mesure : petit d\u00e9jeuner, d\u00e9jeuner et caf\u00e9 privatis\u00e9.\",\"breadcrumb\":{\"@id\":\"https:\\\/\\\/www.laresidenceduparc.fr\\\/de\\\/seminar-mit-verpflegung-in-val-deurope-77\\\/#breadcrumb\"},\"inLanguage\":\"de-DE\",\"potentialAction\":[{\"@type\":\"ReadAction\",\"target\":[\"https:\\\/\\\/www.laresidenceduparc.fr\\\/de\\\/seminar-mit-verpflegung-in-val-deurope-77\\\/\"]}]},{\"@type\":\"ImageObject\",\"inLanguage\":\"de-DE\",\"@id\":\"https:\\\/\\\/www.laresidenceduparc.fr\\\/de\\\/seminar-mit-verpflegung-in-val-deurope-77\\\/#primaryimage\",\"url\":\"https:\\\/\\\/www.laresidenceduparc.fr\\\/wp-content\\\/uploads\\\/sites\\\/144\\\/2025\\\/02\\\/Salle-reunion-B-1-300x200.jpg\",\"contentUrl\":\"https:\\\/\\\/www.laresidenceduparc.fr\\\/wp-content\\\/uploads\\\/sites\\\/144\\\/2025\\\/02\\\/Salle-reunion-B-1-300x200.jpg\"},{\"@type\":\"BreadcrumbList\",\"@id\":\"https:\\\/\\\/www.laresidenceduparc.fr\\\/de\\\/seminar-mit-verpflegung-in-val-deurope-77\\\/#breadcrumb\",\"itemListElement\":[{\"@type\":\"ListItem\",\"position\":1,\"name\":\"Home\",\"item\":\"https:\\\/\\\/www.laresidenceduparc.fr\\\/de\\\/\"},{\"@type\":\"ListItem\",\"position\":2,\"name\":\"Seminar mit Verpflegung in Val d\u2019Europe (77)\"}]},{\"@type\":\"WebSite\",\"@id\":\"https:\\\/\\\/www.laresidenceduparc.fr\\\/de\\\/#website\",\"url\":\"https:\\\/\\\/www.laresidenceduparc.fr\\\/de\\\/\",\"name\":\"R\u00e9sidence du Parc\",\"description\":\"\",\"potentialAction\":[{\"@type\":\"SearchAction\",\"target\":{\"@type\":\"EntryPoint\",\"urlTemplate\":\"https:\\\/\\\/www.laresidenceduparc.fr\\\/de\\\/?s={search_term_string}\"},\"query-input\":{\"@type\":\"PropertyValueSpecification\",\"valueRequired\":true,\"valueName\":\"search_term_string\"}}],\"inLanguage\":\"de-DE\"}]}<\/script>\n<!-- \/ Yoast SEO plugin. -->","yoast_head_json":{"title":"Seminar mit Verpflegung in Val d\u2019Europe (77) - R\u00e9sidence du Parc","description":"Location de salle de s\u00e9minaire pr\u00e8s de Val d'Europe, avec options de restauration sur mesure : petit d\u00e9jeuner, d\u00e9jeuner et caf\u00e9 privatis\u00e9.","robots":{"index":"index","follow":"follow","max-snippet":"max-snippet:-1","max-image-preview":"max-image-preview:large","max-video-preview":"max-video-preview:-1"},"canonical":"https:\/\/www.laresidenceduparc.fr\/de\/seminar-mit-verpflegung-in-val-deurope-77\/","og_locale":"de_DE","og_type":"article","og_title":"Seminar mit Verpflegung in Val d\u2019Europe (77) - R\u00e9sidence du Parc","og_description":"Location de salle de s\u00e9minaire pr\u00e8s de Val d'Europe, avec options de restauration sur mesure : petit d\u00e9jeuner, d\u00e9jeuner et caf\u00e9 privatis\u00e9.","og_url":"https:\/\/www.laresidenceduparc.fr\/de\/seminar-mit-verpflegung-in-val-deurope-77\/","og_site_name":"R\u00e9sidence du Parc","article_modified_time":"2025-05-28T14:12:49+00:00","og_image":[{"url":"https:\/\/www.laresidenceduparc.fr\/wp-content\/uploads\/sites\/144\/2025\/02\/Salle-reunion-B-1-300x200.jpg","type":"","width":"","height":""}],"twitter_card":"summary_large_image","twitter_misc":{"Gesch\u00e4tzte Lesezeit":"3 Minuten"},"schema":{"@context":"https:\/\/schema.org","@graph":[{"@type":"WebPage","@id":"https:\/\/www.laresidenceduparc.fr\/de\/seminar-mit-verpflegung-in-val-deurope-77\/","url":"https:\/\/www.laresidenceduparc.fr\/de\/seminar-mit-verpflegung-in-val-deurope-77\/","name":"Seminar mit Verpflegung in Val d\u2019Europe (77) - R\u00e9sidence du Parc","isPartOf":{"@id":"https:\/\/www.laresidenceduparc.fr\/de\/#website"},"primaryImageOfPage":{"@id":"https:\/\/www.laresidenceduparc.fr\/de\/seminar-mit-verpflegung-in-val-deurope-77\/#primaryimage"},"image":{"@id":"https:\/\/www.laresidenceduparc.fr\/de\/seminar-mit-verpflegung-in-val-deurope-77\/#primaryimage"},"thumbnailUrl":"https:\/\/www.laresidenceduparc.fr\/wp-content\/uploads\/sites\/144\/2025\/02\/Salle-reunion-B-1-300x200.jpg","datePublished":"2025-03-26T16:53:25+00:00","dateModified":"2025-05-28T14:12:49+00:00","description":"Location de salle de s\u00e9minaire pr\u00e8s de Val d'Europe, avec options de restauration sur mesure : petit d\u00e9jeuner, d\u00e9jeuner et caf\u00e9 privatis\u00e9.","breadcrumb":{"@id":"https:\/\/www.laresidenceduparc.fr\/de\/seminar-mit-verpflegung-in-val-deurope-77\/#breadcrumb"},"inLanguage":"de-DE","potentialAction":[{"@type":"ReadAction","target":["https:\/\/www.laresidenceduparc.fr\/de\/seminar-mit-verpflegung-in-val-deurope-77\/"]}]},{"@type":"ImageObject","inLanguage":"de-DE","@id":"https:\/\/www.laresidenceduparc.fr\/de\/seminar-mit-verpflegung-in-val-deurope-77\/#primaryimage","url":"https:\/\/www.laresidenceduparc.fr\/wp-content\/uploads\/sites\/144\/2025\/02\/Salle-reunion-B-1-300x200.jpg","contentUrl":"https:\/\/www.laresidenceduparc.fr\/wp-content\/uploads\/sites\/144\/2025\/02\/Salle-reunion-B-1-300x200.jpg"},{"@type":"BreadcrumbList","@id":"https:\/\/www.laresidenceduparc.fr\/de\/seminar-mit-verpflegung-in-val-deurope-77\/#breadcrumb","itemListElement":[{"@type":"ListItem","position":1,"name":"Home","item":"https:\/\/www.laresidenceduparc.fr\/de\/"},{"@type":"ListItem","position":2,"name":"Seminar mit Verpflegung in Val d\u2019Europe (77)"}]},{"@type":"WebSite","@id":"https:\/\/www.laresidenceduparc.fr\/de\/#website","url":"https:\/\/www.laresidenceduparc.fr\/de\/","name":"R\u00e9sidence du Parc","description":"","potentialAction":[{"@type":"SearchAction","target":{"@type":"EntryPoint","urlTemplate":"https:\/\/www.laresidenceduparc.fr\/de\/?s={search_term_string}"},"query-input":{"@type":"PropertyValueSpecification","valueRequired":true,"valueName":"search_term_string"}}],"inLanguage":"de-DE"}]}},"acf":[],"_links":{"self":[{"href":"https:\/\/www.laresidenceduparc.fr\/de\/wp-json\/wp\/v2\/pages\/517","targetHints":{"allow":["GET"]}}],"collection":[{"href":"https:\/\/www.laresidenceduparc.fr\/de\/wp-json\/wp\/v2\/pages"}],"about":[{"href":"https:\/\/www.laresidenceduparc.fr\/de\/wp-json\/wp\/v2\/types\/page"}],"author":[{"embeddable":true,"href":"https:\/\/www.laresidenceduparc.fr\/de\/wp-json\/wp\/v2\/users\/179"}],"replies":[{"embeddable":true,"href":"https:\/\/www.laresidenceduparc.fr\/de\/wp-json\/wp\/v2\/comments?post=517"}],"version-history":[{"count":0,"href":"https:\/\/www.laresidenceduparc.fr\/de\/wp-json\/wp\/v2\/pages\/517\/revisions"}],"wp:attachment":[{"href":"https:\/\/www.laresidenceduparc.fr\/de\/wp-json\/wp\/v2\/media?parent=517"}],"curies":[{"name":"wp","href":"https:\/\/api.w.org\/{rel}","templated":true}]}}